{"id":6037,"date":"2015-03-02T09:23:39","date_gmt":"2015-03-02T09:23:39","guid":{"rendered":"http:\/\/192.168.1.121\/wordpress.mu\/howfresh\/?page_id=6037"},"modified":"2021-02-06T15:16:19","modified_gmt":"2021-02-06T14:16:19","slug":"blog-timeline","status":"publish","type":"page","link":"http:\/\/www.blog.joachim-buchholz.de\/?page_id=6037","title":{"rendered":"Blog Timeline"},"content":{"rendered":"<div class=\"gridblock-columns-wrap gridblock-timeline-block clearfix\"><div class=\"gridblock-timeline-icon\"><i class=\"feather-icon-layers\"><\/i><\/div><div id=\"gridblock-timeline\" class=\"gridblock-two\"><div class=\"clearfix\"><\/div><div class=\"blog-timeline-month-wrap\"><div class=\"blog-timeline-month\">August 2022<\/div><\/div><div class=\"blog-grid-element animation-standby animated fadeInUp blog-grid-element-left gridblock-element gridblock-col-1\"><div class=\"blog-grid-element-inner timeline-format-standard\"><a class=\"gridblock-image-link gridblock-columns\" href=\"http:\/\/www.blog.joachim-buchholz.de\/?p=9796\" rel=\"bookmark\" title=\"Trailbiken am Reschensee\"><span class=\"grid-icon-status\"><i class=\"feather-icon-paper fa-2x\"><\/i><\/span><img decoding=\"async\" src=\"http:\/\/www.blog.joachim-buchholz.de\/wp-content\/uploads\/2022\/08\/DSCF7857_AuroraHDR-edit-600x428.jpg\" alt=\"\" class=\"preload-image displayed-image\"\/><\/a><div class=\"blog-grid-element-content\"><div class=\"work-details\"><h4><a href=\"http:\/\/www.blog.joachim-buchholz.de\/?p=9796\" rel=\"bookmark\" title=\"Trailbiken am Reschensee\">Trailbiken am Reschensee<\/a><\/h4><div class=\"entry-content work-description\"><\/div><\/div><div class=\"summary-info\"><div class=\"summary-comment\"><\/div><div class=\"summary-date\"><i class=\"feather-icon-clock\"><\/i> 9. August 2022<\/div><\/div><\/div><\/div><\/div><div class=\"clearfix\"><\/div><div class=\"blog-timeline-month-wrap\"><div class=\"blog-timeline-month\">Februar 2021<\/div><\/div><div class=\"blog-grid-element animation-standby animated fadeInUp blog-grid-element-left gridblock-element gridblock-col-2\"><div class=\"blog-grid-element-inner timeline-format-standard\"><a class=\"gridblock-image-link gridblock-columns\" href=\"http:\/\/www.blog.joachim-buchholz.de\/?p=9674\" rel=\"bookmark\" title=\"Bikes\"><span class=\"grid-icon-status\"><i class=\"feather-icon-paper fa-2x\"><\/i><\/span><img decoding=\"async\" src=\"http:\/\/www.blog.joachim-buchholz.de\/wp-content\/uploads\/2021\/02\/XR4-1-600x428.jpg\" alt=\"\" class=\"preload-image displayed-image\"\/><\/a><div class=\"blog-grid-element-content\"><div class=\"work-details\"><h4><a href=\"http:\/\/www.blog.joachim-buchholz.de\/?p=9674\" rel=\"bookmark\" title=\"Bikes\">Bikes<\/a><\/h4><div class=\"entry-content work-description\"><\/div><\/div><div class=\"summary-info\"><div class=\"summary-comment\"><\/div><div class=\"summary-date\"><i class=\"feather-icon-clock\"><\/i> 7. Februar 2021<\/div><\/div><\/div><\/div><\/div><div class=\"blog-grid-element animation-standby animated fadeInUp blog-grid-element-right gridblock-element gridblock-col-1\"><div class=\"blog-grid-element-inner timeline-format-gallery\"><a class=\"gridblock-image-link gridblock-columns\" href=\"http:\/\/www.blog.joachim-buchholz.de\/?p=9572\" rel=\"bookmark\" title=\"Alpencross Rennrad 2020\"><span class=\"grid-icon-status\"><i class=\"feather-icon-stack-2 fa-2x\"><\/i><\/span><img decoding=\"async\" src=\"http:\/\/www.blog.joachim-buchholz.de\/wp-content\/uploads\/2021\/02\/IMG_20200812_143259-600x428.jpg\" alt=\"\" class=\"preload-image displayed-image\"\/><\/a><div class=\"blog-grid-element-content\"><div class=\"work-details\"><h4><a href=\"http:\/\/www.blog.joachim-buchholz.de\/?p=9572\" rel=\"bookmark\" title=\"Alpencross Rennrad 2020\">Alpencross Rennrad 2020<\/a><\/h4><div class=\"entry-content work-description\"><\/div><\/div><div class=\"summary-info\"><div class=\"summary-comment\"><\/div><div class=\"summary-date\"><i class=\"feather-icon-clock\"><\/i> 6. Februar 2021<\/div><\/div><\/div><\/div><\/div><div class=\"clearfix\"><\/div><div class=\"blog-timeline-month-wrap\"><div class=\"blog-timeline-month\">August 2019<\/div><\/div><div class=\"blog-grid-element animation-standby animated fadeInUp blog-grid-element-left gridblock-element gridblock-col-2\"><div class=\"blog-grid-element-inner timeline-format-gallery\"><a class=\"gridblock-image-link gridblock-columns\" href=\"http:\/\/www.blog.joachim-buchholz.de\/?p=9190\" rel=\"bookmark\" title=\"Leogang \/ Salfelden 2019\"><span class=\"grid-icon-status\"><i class=\"feather-icon-stack-2 fa-2x\"><\/i><\/span><img decoding=\"async\" src=\"http:\/\/www.blog.joachim-buchholz.de\/wp-content\/uploads\/2019\/08\/IMG_20190809_142003.jpg\" alt=\"\" class=\"preload-image displayed-image\"\/><\/a><div class=\"blog-grid-element-content\"><div class=\"work-details\"><h4><a href=\"http:\/\/www.blog.joachim-buchholz.de\/?p=9190\" rel=\"bookmark\" title=\"Leogang \/ Salfelden 2019\">Leogang \/ Salfelden 2019<\/a><\/h4><div class=\"entry-content work-description\"><\/div><\/div><div class=\"summary-info\"><div class=\"summary-comment\"><\/div><div class=\"summary-date\"><i class=\"feather-icon-clock\"><\/i> 12. August 2019<\/div><\/div><\/div><\/div><\/div><div class=\"blog-grid-element animation-standby animated fadeInUp blog-grid-element-right gridblock-element gridblock-col-1\"><div class=\"blog-grid-element-inner timeline-format-gallery\"><a class=\"gridblock-image-link gridblock-columns\" href=\"http:\/\/www.blog.joachim-buchholz.de\/?p=3199\" rel=\"bookmark\" title=\"Lauenen 2019\"><span class=\"grid-icon-status\"><i class=\"feather-icon-stack-2 fa-2x\"><\/i><\/span><img decoding=\"async\" src=\"http:\/\/www.blog.joachim-buchholz.de\/wp-content\/uploads\/2019\/08\/IMG_8221-2-600x428.jpg\" alt=\"\" class=\"preload-image displayed-image\"\/><\/a><div class=\"blog-grid-element-content\"><div class=\"work-details\"><h4><a href=\"http:\/\/www.blog.joachim-buchholz.de\/?p=3199\" rel=\"bookmark\" title=\"Lauenen 2019\">Lauenen 2019<\/a><\/h4><div class=\"entry-content work-description\"><\/div><\/div><div class=\"summary-info\"><div class=\"summary-comment\"><\/div><div class=\"summary-date\"><i class=\"feather-icon-clock\"><\/i> 6. August 2019<\/div><\/div><\/div><\/div><\/div><div class=\"blog-grid-element animation-standby animated fadeInUp blog-grid-element-left gridblock-element gridblock-col-2\"><div class=\"blog-grid-element-inner timeline-format-standard\"><a class=\"gridblock-image-link gridblock-columns\" href=\"http:\/\/www.blog.joachim-buchholz.de\/?p=3075\" rel=\"bookmark\" title=\"Alpencross F\u00fcssen &#8211; Riva del Garda 2018\"><span class=\"grid-icon-status\"><i class=\"feather-icon-paper fa-2x\"><\/i><\/span><img decoding=\"async\" src=\"http:\/\/www.blog.joachim-buchholz.de\/wp-content\/uploads\/2018\/08\/IMAG1087-01.jpg\" alt=\"\" class=\"preload-image displayed-image\"\/><\/a><div class=\"blog-grid-element-content\"><div class=\"work-details\"><h4><a href=\"http:\/\/www.blog.joachim-buchholz.de\/?p=3075\" rel=\"bookmark\" title=\"Alpencross F\u00fcssen &#8211; Riva del Garda 2018\">Alpencross F\u00fcssen &#8211; Riva del Garda 2018<\/a><\/h4><div class=\"entry-content work-description\">&nbsp; Hier die Route: &nbsp;<\/div><\/div><div class=\"summary-info\"><div class=\"summary-comment\"><a href=\"http:\/\/www.blog.joachim-buchholz.de\/?p=3075#respond\">0 <i class=\"feather-icon-speech-bubble\"><\/i><\/a><\/div><div class=\"summary-date\"><i class=\"feather-icon-clock\"><\/i> 20. August 2018<\/div><\/div><\/div><\/div><\/div><div class=\"clearfix\"><\/div><div class=\"blog-timeline-month-wrap\"><div class=\"blog-timeline-month\">Juli 2018<\/div><\/div><div class=\"blog-grid-element animation-standby animated fadeInUp blog-grid-element-left gridblock-element gridblock-col-1\"><div class=\"blog-grid-element-inner timeline-format-standard\"><a class=\"gridblock-image-link gridblock-columns\" href=\"http:\/\/www.blog.joachim-buchholz.de\/?p=3004\" rel=\"bookmark\" title=\"St. Anton 2018\"><span class=\"grid-icon-status\"><i class=\"feather-icon-paper fa-2x\"><\/i><\/span><img decoding=\"async\" src=\"http:\/\/www.blog.joachim-buchholz.de\/wp-content\/uploads\/2018\/07\/IMAG0877-01.jpg\" alt=\"\" class=\"preload-image displayed-image\"\/><\/a><div class=\"blog-grid-element-content\"><div class=\"work-details\"><h4><a href=\"http:\/\/www.blog.joachim-buchholz.de\/?p=3004\" rel=\"bookmark\" title=\"St. Anton 2018\">St. Anton 2018<\/a><\/h4><div class=\"entry-content work-description\">.<\/div><\/div><div class=\"summary-info\"><div class=\"summary-comment\"><a href=\"http:\/\/www.blog.joachim-buchholz.de\/?p=3004#respond\">0 <i class=\"feather-icon-speech-bubble\"><\/i><\/a><\/div><div class=\"summary-date\"><i class=\"feather-icon-clock\"><\/i> 27. Juli 2018<\/div><\/div><\/div><\/div><\/div><div class=\"clearfix\"><\/div><div class=\"blog-timeline-month-wrap\"><div class=\"blog-timeline-month\">November 2017<\/div><\/div><div class=\"blog-grid-element animation-standby animated fadeInUp blog-grid-element-left gridblock-element gridblock-col-2\"><div class=\"blog-grid-element-inner timeline-format-standard\"><a class=\"gridblock-image-link gridblock-columns\" href=\"http:\/\/www.blog.joachim-buchholz.de\/?p=2985\" rel=\"bookmark\" title=\"Cube 2011\"><span class=\"grid-icon-status\"><i class=\"feather-icon-paper fa-2x\"><\/i><\/span><img decoding=\"async\" src=\"http:\/\/www.blog.joachim-buchholz.de\/wp-content\/uploads\/2011\/03\/IMG_6241.jpg\" alt=\"\" class=\"preload-image displayed-image\"\/><\/a><div class=\"blog-grid-element-content\"><div class=\"work-details\"><h4><a href=\"http:\/\/www.blog.joachim-buchholz.de\/?p=2985\" rel=\"bookmark\" title=\"Cube 2011\">Cube 2011<\/a><\/h4><div class=\"entry-content work-description\">&nbsp; &nbsp; Cube Agree GTC Carbon Modelljahr 2011<\/div><\/div><div class=\"summary-info\"><div class=\"summary-comment\"><a href=\"http:\/\/www.blog.joachim-buchholz.de\/?p=2985#respond\">0 <i class=\"feather-icon-speech-bubble\"><\/i><\/a><\/div><div class=\"summary-date\"><i class=\"feather-icon-clock\"><\/i> 10. November 2017<\/div><\/div><\/div><\/div><\/div><div class=\"clearfix\"><\/div><div class=\"blog-timeline-month-wrap\"><div class=\"blog-timeline-month\">Oktober 2017<\/div><\/div><div class=\"blog-grid-element animation-standby animated fadeInUp blog-grid-element-left gridblock-element gridblock-col-1\"><div class=\"blog-grid-element-inner timeline-format-standard\"><a class=\"gridblock-image-link gridblock-columns\" href=\"http:\/\/www.blog.joachim-buchholz.de\/?p=2968\" rel=\"bookmark\" title=\"Biberwier 2017\"><span class=\"grid-icon-status\"><i class=\"feather-icon-paper fa-2x\"><\/i><\/span><img decoding=\"async\" src=\"http:\/\/www.blog.joachim-buchholz.de\/wp-content\/uploads\/2017\/10\/1-copy9.jpg\" alt=\"\" class=\"preload-image displayed-image\"\/><\/a><div class=\"blog-grid-element-content\"><div class=\"work-details\"><h4><a href=\"http:\/\/www.blog.joachim-buchholz.de\/?p=2968\" rel=\"bookmark\" title=\"Biberwier 2017\">Biberwier 2017<\/a><\/h4><div class=\"entry-content work-description\">&nbsp;<\/div><\/div><div class=\"summary-info\"><div class=\"summary-comment\"><a href=\"http:\/\/www.blog.joachim-buchholz.de\/?p=2968#respond\">0 <i class=\"feather-icon-speech-bubble\"><\/i><\/a><\/div><div class=\"summary-date\"><i class=\"feather-icon-clock\"><\/i> 3. Oktober 2017<\/div><\/div><\/div><\/div><\/div><div class=\"clearfix\"><\/div><div class=\"blog-timeline-month-wrap\"><div class=\"blog-timeline-month\">Juli 2017<\/div><\/div><div class=\"blog-grid-element animation-standby animated fadeInUp blog-grid-element-left gridblock-element gridblock-col-2\"><div class=\"blog-grid-element-inner timeline-format-standard\"><a class=\"gridblock-image-link gridblock-columns\" href=\"http:\/\/www.blog.joachim-buchholz.de\/?p=2924\" rel=\"bookmark\" title=\"Kitzb\u00fchler Alpen\"><span class=\"grid-icon-status\"><i class=\"feather-icon-paper fa-2x\"><\/i><\/span><img decoding=\"async\" src=\"http:\/\/www.blog.joachim-buchholz.de\/wp-content\/uploads\/2017\/07\/IMG_1684-e1500713910677.jpg\" alt=\"\" class=\"preload-image displayed-image\"\/><\/a><div class=\"blog-grid-element-content\"><div class=\"work-details\"><h4><a href=\"http:\/\/www.blog.joachim-buchholz.de\/?p=2924\" rel=\"bookmark\" title=\"Kitzb\u00fchler Alpen\">Kitzb\u00fchler Alpen<\/a><\/h4><div class=\"entry-content work-description\">https:\/\/connect.garmin.com\/modern\/activity\/1797037820https:\/\/connect.garmin.com\/modern\/activity\/1795180369<\/div><\/div><div class=\"summary-info\"><div class=\"summary-comment\"><a href=\"http:\/\/www.blog.joachim-buchholz.de\/?p=2924#respond\">0 <i class=\"feather-icon-speech-bubble\"><\/i><\/a><\/div><div class=\"summary-date\"><i class=\"feather-icon-clock\"><\/i> 22. Juli 2017<\/div><\/div><\/div><\/div><\/div><div class=\"blog-grid-element animation-standby animated fadeInUp blog-grid-element-right gridblock-element gridblock-col-1\"><div class=\"blog-grid-element-inner timeline-format-standard\"><a class=\"gridblock-image-link gridblock-columns\" href=\"http:\/\/www.blog.joachim-buchholz.de\/?p=2894\" rel=\"bookmark\" title=\"Mallorca 2017\"><span class=\"grid-icon-status\"><i class=\"feather-icon-paper fa-2x\"><\/i><\/span><img decoding=\"async\" src=\"http:\/\/www.blog.joachim-buchholz.de\/wp-content\/uploads\/2017\/07\/IMAG0992.jpg\" alt=\"\" class=\"preload-image displayed-image\"\/><\/a><div class=\"blog-grid-element-content\"><div class=\"work-details\"><h4><a href=\"http:\/\/www.blog.joachim-buchholz.de\/?p=2894\" rel=\"bookmark\" title=\"Mallorca 2017\">Mallorca 2017<\/a><\/h4><div class=\"entry-content work-description\">&nbsp; &nbsp;<\/div><\/div><div class=\"summary-info\"><div class=\"summary-comment\"><a href=\"http:\/\/www.blog.joachim-buchholz.de\/?p=2894#respond\">0 <i class=\"feather-icon-speech-bubble\"><\/i><\/a><\/div><div class=\"summary-date\"><i class=\"feather-icon-clock\"><\/i> 22. Juli 2017<\/div><\/div><\/div><\/div><\/div><div class=\"blog-grid-element animation-standby animated fadeInUp blog-grid-element-left gridblock-element gridblock-col-2\"><div class=\"blog-grid-element-inner timeline-format-standard\"><a class=\"gridblock-image-link gridblock-columns\" href=\"http:\/\/www.blog.joachim-buchholz.de\/?p=2887\" rel=\"bookmark\" title=\"Albstadt Marathon 2017\"><span class=\"grid-icon-status\"><i class=\"feather-icon-paper fa-2x\"><\/i><\/span><img decoding=\"async\" src=\"http:\/\/www.blog.joachim-buchholz.de\/wp-content\/uploads\/2017\/07\/sportograf-103255907-1.jpg\" alt=\"\" class=\"preload-image displayed-image\"\/><\/a><div class=\"blog-grid-element-content\"><div class=\"work-details\"><h4><a href=\"http:\/\/www.blog.joachim-buchholz.de\/?p=2887\" rel=\"bookmark\" title=\"Albstadt Marathon 2017\">Albstadt Marathon 2017<\/a><\/h4><div class=\"entry-content work-description\"><\/div><\/div><div class=\"summary-info\"><div class=\"summary-comment\"><a href=\"http:\/\/www.blog.joachim-buchholz.de\/?p=2887#respond\">0 <i class=\"feather-icon-speech-bubble\"><\/i><\/a><\/div><div class=\"summary-date\"><i class=\"feather-icon-clock\"><\/i> 16. Juli 2017<\/div><\/div><\/div><\/div><\/div><div class=\"blog-grid-element animation-standby animated fadeInUp blog-grid-element-right gridblock-element gridblock-col-1\"><div class=\"blog-grid-element-inner timeline-format-standard\"><a class=\"gridblock-image-link gridblock-columns\" href=\"http:\/\/www.blog.joachim-buchholz.de\/?p=2882\" rel=\"bookmark\" title=\"Gonso 2017\"><span class=\"grid-icon-status\"><i class=\"feather-icon-paper fa-2x\"><\/i><\/span><img decoding=\"async\" src=\"http:\/\/www.blog.joachim-buchholz.de\/wp-content\/uploads\/2017\/07\/sportograf-97027225-1.jpg\" alt=\"\" class=\"preload-image displayed-image\"\/><\/a><div class=\"blog-grid-element-content\"><div class=\"work-details\"><h4><a href=\"http:\/\/www.blog.joachim-buchholz.de\/?p=2882\" rel=\"bookmark\" title=\"Gonso 2017\">Gonso 2017<\/a><\/h4><div class=\"entry-content work-description\"><\/div><\/div><div class=\"summary-info\"><div class=\"summary-comment\"><a href=\"http:\/\/www.blog.joachim-buchholz.de\/?p=2882#respond\">0 <i class=\"feather-icon-speech-bubble\"><\/i><\/a><\/div><div class=\"summary-date\"><i class=\"feather-icon-clock\"><\/i> 16. Juli 2017<\/div><\/div><\/div><\/div><\/div><div class=\"clearfix\"><\/div><div class=\"blog-timeline-month-wrap\"><div class=\"blog-timeline-month\">September 2016<\/div><\/div><div class=\"blog-grid-element animation-standby animated fadeInUp blog-grid-element-left gridblock-element gridblock-col-2\"><div class=\"blog-grid-element-inner timeline-format-standard\"><a class=\"gridblock-image-link gridblock-columns\" href=\"http:\/\/www.blog.joachim-buchholz.de\/?p=2856\" rel=\"bookmark\" title=\"Stilfser Joch 2016 Radtag\"><span class=\"grid-icon-status\"><i class=\"feather-icon-paper fa-2x\"><\/i><\/span><img decoding=\"async\" src=\"http:\/\/www.blog.joachim-buchholz.de\/wp-content\/uploads\/2016\/09\/IMAG0131.jpg\" alt=\"\" class=\"preload-image displayed-image\"\/><\/a><div class=\"blog-grid-element-content\"><div class=\"work-details\"><h4><a href=\"http:\/\/www.blog.joachim-buchholz.de\/?p=2856\" rel=\"bookmark\" title=\"Stilfser Joch 2016 Radtag\">Stilfser Joch 2016 Radtag<\/a><\/h4><div class=\"entry-content work-description\"><\/div><\/div><div class=\"summary-info\"><div class=\"summary-comment\"><a href=\"http:\/\/www.blog.joachim-buchholz.de\/?p=2856#respond\">0 <i class=\"feather-icon-speech-bubble\"><\/i><\/a><\/div><div class=\"summary-date\"><i class=\"feather-icon-clock\"><\/i> 24. September 2016<\/div><\/div><\/div><\/div><\/div><div class=\"blog-grid-element animation-standby animated fadeInUp blog-grid-element-right gridblock-element gridblock-col-1\"><div class=\"blog-grid-element-inner timeline-format-standard\"><a class=\"gridblock-image-link gridblock-columns\" href=\"http:\/\/www.blog.joachim-buchholz.de\/?p=2837\" rel=\"bookmark\" title=\"Lago di Garda 2016\"><span class=\"grid-icon-status\"><i class=\"feather-icon-paper fa-2x\"><\/i><\/span><img decoding=\"async\" src=\"http:\/\/www.blog.joachim-buchholz.de\/wp-content\/uploads\/2016\/09\/IMAG1980.jpg\" alt=\"\" class=\"preload-image displayed-image\"\/><\/a><div class=\"blog-grid-element-content\"><div class=\"work-details\"><h4><a href=\"http:\/\/www.blog.joachim-buchholz.de\/?p=2837\" rel=\"bookmark\" title=\"Lago di Garda 2016\">Lago di Garda 2016<\/a><\/h4><div class=\"entry-content work-description\"><\/div><\/div><div class=\"summary-info\"><div class=\"summary-comment\"><a href=\"http:\/\/www.blog.joachim-buchholz.de\/?p=2837#respond\">0 <i class=\"feather-icon-speech-bubble\"><\/i><\/a><\/div><div class=\"summary-date\"><i class=\"feather-icon-clock\"><\/i> 24. September 2016<\/div><\/div><\/div><\/div><\/div><div class=\"blog-grid-element animation-standby animated fadeInUp blog-grid-element-left gridblock-element gridblock-col-2\"><div class=\"blog-grid-element-inner timeline-format-standard\"><a class=\"gridblock-image-link gridblock-columns\" href=\"http:\/\/www.blog.joachim-buchholz.de\/?p=2835\" rel=\"bookmark\" title=\"Scott Genius 910\"><span class=\"grid-icon-status\"><i class=\"feather-icon-paper fa-2x\"><\/i><\/span><img decoding=\"async\" src=\"http:\/\/www.blog.joachim-buchholz.de\/wp-content\/uploads\/2010\/08\/IMG_9457.jpg\" alt=\"\" class=\"preload-image displayed-image\"\/><\/a><div class=\"blog-grid-element-content\"><div class=\"work-details\"><h4><a href=\"http:\/\/www.blog.joachim-buchholz.de\/?p=2835\" rel=\"bookmark\" title=\"Scott Genius 910\">Scott Genius 910<\/a><\/h4><div class=\"entry-content work-description\">Kategorie \/ Einsatzbereich Trail \/ All Mountain<\/div><\/div><div class=\"summary-info\"><div class=\"summary-comment\"><a href=\"http:\/\/www.blog.joachim-buchholz.de\/?p=2835#respond\">0 <i class=\"feather-icon-speech-bubble\"><\/i><\/a><\/div><div class=\"summary-date\"><i class=\"feather-icon-clock\"><\/i> 24. September 2016<\/div><\/div><\/div><\/div><\/div><div class=\"clearfix\"><\/div><div class=\"blog-timeline-month-wrap\"><div class=\"blog-timeline-month\">Juli 2016<\/div><\/div><div class=\"blog-grid-element animation-standby animated fadeInUp blog-grid-element-left gridblock-element gridblock-col-1\"><div class=\"blog-grid-element-inner timeline-format-standard\"><a class=\"gridblock-image-link gridblock-columns\" href=\"http:\/\/www.blog.joachim-buchholz.de\/?p=2804\" rel=\"bookmark\" title=\"Albstadt Bike Marathon 2016\"><span class=\"grid-icon-status\"><i class=\"feather-icon-paper fa-2x\"><\/i><\/span><img decoding=\"async\" src=\"http:\/\/www.blog.joachim-buchholz.de\/wp-content\/uploads\/2016\/07\/sportograf-84039790.jpg\" alt=\"\" class=\"preload-image displayed-image\"\/><\/a><div class=\"blog-grid-element-content\"><div class=\"work-details\"><h4><a href=\"http:\/\/www.blog.joachim-buchholz.de\/?p=2804\" rel=\"bookmark\" title=\"Albstadt Bike Marathon 2016\">Albstadt Bike Marathon 2016<\/a><\/h4><div class=\"entry-content work-description\">22. Assa Abloy Bike Marathon &nbsp;<\/div><\/div><div class=\"summary-info\"><div class=\"summary-comment\"><a href=\"http:\/\/www.blog.joachim-buchholz.de\/?p=2804#respond\">0 <i class=\"feather-icon-speech-bubble\"><\/i><\/a><\/div><div class=\"summary-date\"><i class=\"feather-icon-clock\"><\/i> 16. Juli 2016<\/div><\/div><\/div><\/div><\/div><div class=\"clearfix\"><\/div><div class=\"blog-timeline-month-wrap\"><div class=\"blog-timeline-month\">Juni 2016<\/div><\/div><div class=\"blog-grid-element animation-standby animated fadeInUp blog-grid-element-left gridblock-element gridblock-col-2\"><div class=\"blog-grid-element-inner timeline-format-standard\"><a class=\"gridblock-image-link gridblock-columns\" href=\"http:\/\/www.blog.joachim-buchholz.de\/?p=2780\" rel=\"bookmark\" title=\"Scott Spark RC\"><span class=\"grid-icon-status\"><i class=\"feather-icon-paper fa-2x\"><\/i><\/span><img decoding=\"async\" src=\"http:\/\/www.blog.joachim-buchholz.de\/wp-content\/uploads\/2010\/08\/MG_0287.jpg\" alt=\"\" class=\"preload-image displayed-image\"\/><\/a><div class=\"blog-grid-element-content\"><div class=\"work-details\"><h4><a href=\"http:\/\/www.blog.joachim-buchholz.de\/?p=2780\" rel=\"bookmark\" title=\"Scott Spark RC\">Scott Spark RC<\/a><\/h4><div class=\"entry-content work-description\">26&#8243; Racefully Gewicht: 10,4 Kg &nbsp;<\/div><\/div><div class=\"summary-info\"><div class=\"summary-comment\"><a href=\"http:\/\/www.blog.joachim-buchholz.de\/?p=2780#respond\">0 <i class=\"feather-icon-speech-bubble\"><\/i><\/a><\/div><div class=\"summary-date\"><i class=\"feather-icon-clock\"><\/i> 18. Juni 2016<\/div><\/div><\/div><\/div><\/div><div class=\"blog-grid-element animation-standby animated fadeInUp blog-grid-element-right gridblock-element gridblock-col-1\"><div class=\"blog-grid-element-inner timeline-format-standard\"><a class=\"gridblock-image-link gridblock-columns\" href=\"http:\/\/www.blog.joachim-buchholz.de\/?p=2767\" rel=\"bookmark\" title=\"Gonso MTB Classic 2016\"><span class=\"grid-icon-status\"><i class=\"feather-icon-paper fa-2x\"><\/i><\/span><img decoding=\"async\" src=\"http:\/\/www.blog.joachim-buchholz.de\/wp-content\/uploads\/2016\/06\/Gonso_2016-1.jpg\" alt=\"\" class=\"preload-image displayed-image\"\/><\/a><div class=\"blog-grid-element-content\"><div class=\"work-details\"><h4><a href=\"http:\/\/www.blog.joachim-buchholz.de\/?p=2767\" rel=\"bookmark\" title=\"Gonso MTB Classic 2016\">Gonso MTB Classic 2016<\/a><\/h4><div class=\"entry-content work-description\">&#8211; &nbsp; &#8211; &nbsp;<\/div><\/div><div class=\"summary-info\"><div class=\"summary-comment\"><a href=\"http:\/\/www.blog.joachim-buchholz.de\/?p=2767#respond\">0 <i class=\"feather-icon-speech-bubble\"><\/i><\/a><\/div><div class=\"summary-date\"><i class=\"feather-icon-clock\"><\/i> 5. Juni 2016<\/div><\/div><\/div><\/div><\/div><div class=\"clearfix\"><\/div><div class=\"blog-timeline-month-wrap\"><div class=\"blog-timeline-month\">April 2016<\/div><\/div><div class=\"blog-grid-element animation-standby animated fadeInUp blog-grid-element-left gridblock-element gridblock-col-2\"><div class=\"blog-grid-element-inner timeline-format-standard\"><a class=\"gridblock-image-link gridblock-columns\" href=\"http:\/\/www.blog.joachim-buchholz.de\/?p=2757\" rel=\"bookmark\" title=\"Torbole 2016\"><span class=\"grid-icon-status\"><i class=\"feather-icon-paper fa-2x\"><\/i><\/span><img decoding=\"async\" src=\"http:\/\/www.blog.joachim-buchholz.de\/wp-content\/uploads\/2016\/04\/IMAG1274-PANO-2.jpg\" alt=\"\" class=\"preload-image displayed-image\"\/><\/a><div class=\"blog-grid-element-content\"><div class=\"work-details\"><h4><a href=\"http:\/\/www.blog.joachim-buchholz.de\/?p=2757\" rel=\"bookmark\" title=\"Torbole 2016\">Torbole 2016<\/a><\/h4><div class=\"entry-content work-description\">&nbsp; &nbsp;<\/div><\/div><div class=\"summary-info\"><div class=\"summary-comment\"><a href=\"http:\/\/www.blog.joachim-buchholz.de\/?p=2757#respond\">0 <i class=\"feather-icon-speech-bubble\"><\/i><\/a><\/div><div class=\"summary-date\"><i class=\"feather-icon-clock\"><\/i> 28. April 2016<\/div><\/div><\/div><\/div><\/div><div class=\"clearfix\"><\/div><div class=\"blog-timeline-month-wrap\"><div class=\"blog-timeline-month\">Juli 2015<\/div><\/div><div class=\"blog-grid-element animation-standby animated fadeInUp blog-grid-element-left gridblock-element gridblock-col-1\"><div class=\"blog-grid-element-inner timeline-format-standard\"><a class=\"gridblock-image-link gridblock-columns\" href=\"http:\/\/www.blog.joachim-buchholz.de\/?p=2730\" rel=\"bookmark\" title=\"Albstadt Bike Marathon 2015\"><span class=\"grid-icon-status\"><i class=\"feather-icon-paper fa-2x\"><\/i><\/span><img decoding=\"async\" src=\"http:\/\/www.blog.joachim-buchholz.de\/wp-content\/uploads\/2015\/07\/sportograf-65942169.jpg\" alt=\"\" class=\"preload-image displayed-image\"\/><\/a><div class=\"blog-grid-element-content\"><div class=\"work-details\"><h4><a href=\"http:\/\/www.blog.joachim-buchholz.de\/?p=2730\" rel=\"bookmark\" title=\"Albstadt Bike Marathon 2015\">Albstadt Bike Marathon 2015<\/a><\/h4><div class=\"entry-content work-description\">Zeit: 3:34 &nbsp;<\/div><\/div><div class=\"summary-info\"><div class=\"summary-comment\"><a href=\"http:\/\/www.blog.joachim-buchholz.de\/?p=2730#respond\">0 <i class=\"feather-icon-speech-bubble\"><\/i><\/a><\/div><div class=\"summary-date\"><i class=\"feather-icon-clock\"><\/i> 16. Juli 2015<\/div><\/div><\/div><\/div><\/div><div class=\"clearfix\"><\/div><div class=\"blog-timeline-month-wrap\"><div class=\"blog-timeline-month\">Juni 2015<\/div><\/div><div class=\"blog-grid-element animation-standby animated fadeInUp blog-grid-element-left gridblock-element gridblock-col-2\"><div class=\"blog-grid-element-inner timeline-format-standard\"><a class=\"gridblock-image-link gridblock-columns\" href=\"http:\/\/www.blog.joachim-buchholz.de\/?p=2712\" rel=\"bookmark\" title=\"Gonso MTB Classic 2015\"><span class=\"grid-icon-status\"><i class=\"feather-icon-paper fa-2x\"><\/i><\/span><img decoding=\"async\" src=\"http:\/\/www.blog.joachim-buchholz.de\/wp-content\/uploads\/2015\/06\/sportograf-60608816.jpg\" alt=\"\" class=\"preload-image displayed-image\"\/><\/a><div class=\"blog-grid-element-content\"><div class=\"work-details\"><h4><a href=\"http:\/\/www.blog.joachim-buchholz.de\/?p=2712\" rel=\"bookmark\" title=\"Gonso MTB Classic 2015\">Gonso MTB Classic 2015<\/a><\/h4><div class=\"entry-content work-description\">&nbsp; Zeit: 1:37 &nbsp; &nbsp;<\/div><\/div><div class=\"summary-info\"><div class=\"summary-comment\"><a href=\"http:\/\/www.blog.joachim-buchholz.de\/?p=2712#respond\">0 <i class=\"feather-icon-speech-bubble\"><\/i><\/a><\/div><div class=\"summary-date\"><i class=\"feather-icon-clock\"><\/i> 7. Juni 2015<\/div><\/div><\/div><\/div><\/div><div class=\"clearfix\"><\/div><div class=\"blog-timeline-month-wrap\"><div class=\"blog-timeline-month\">Mai 2015<\/div><\/div><div class=\"blog-grid-element animation-standby animated fadeInUp blog-grid-element-left gridblock-element gridblock-col-1\"><div class=\"blog-grid-element-inner timeline-format-standard\"><a class=\"gridblock-image-link gridblock-columns\" href=\"http:\/\/www.blog.joachim-buchholz.de\/?p=2674\" rel=\"bookmark\" title=\"Gardasee 2015\"><span class=\"grid-icon-status\"><i class=\"feather-icon-paper fa-2x\"><\/i><\/span><img decoding=\"async\" src=\"http:\/\/www.blog.joachim-buchholz.de\/wp-content\/uploads\/2015\/05\/20150516-IMAG1122-02.jpg\" alt=\"\" class=\"preload-image displayed-image\"\/><\/a><div class=\"blog-grid-element-content\"><div class=\"work-details\"><h4><a href=\"http:\/\/www.blog.joachim-buchholz.de\/?p=2674\" rel=\"bookmark\" title=\"Gardasee 2015\">Gardasee 2015<\/a><\/h4><div class=\"entry-content work-description\">9295 H\u00f6henmeter &#8211; &nbsp; &#8211; &nbsp;<\/div><\/div><div class=\"summary-info\"><div class=\"summary-comment\"><a href=\"http:\/\/www.blog.joachim-buchholz.de\/?p=2674#respond\">0 <i class=\"feather-icon-speech-bubble\"><\/i><\/a><\/div><div class=\"summary-date\"><i class=\"feather-icon-clock\"><\/i> 25. Mai 2015<\/div><\/div><\/div><\/div><\/div><div class=\"clearfix\"><\/div><div class=\"blog-timeline-month-wrap\"><div class=\"blog-timeline-month\">Oktober 2014<\/div><\/div><div class=\"blog-grid-element animation-standby animated fadeInUp blog-grid-element-left gridblock-element gridblock-col-2\"><div class=\"blog-grid-element-inner timeline-format-standard\"><a class=\"gridblock-image-link gridblock-columns\" href=\"http:\/\/www.blog.joachim-buchholz.de\/?p=2649\" rel=\"bookmark\" title=\"Zugspitz Arena Tirol 2014\"><span class=\"grid-icon-status\"><i class=\"feather-icon-paper fa-2x\"><\/i><\/span><img decoding=\"async\" src=\"http:\/\/www.blog.joachim-buchholz.de\/wp-content\/uploads\/2014\/10\/P1020588.jpg\" alt=\"\" class=\"preload-image displayed-image\"\/><\/a><div class=\"blog-grid-element-content\"><div class=\"work-details\"><h4><a href=\"http:\/\/www.blog.joachim-buchholz.de\/?p=2649\" rel=\"bookmark\" title=\"Zugspitz Arena Tirol 2014\">Zugspitz Arena Tirol 2014<\/a><\/h4><div class=\"entry-content work-description\">Zwei Tage biken&#8230; &nbsp; &#8211; &nbsp;<\/div><\/div><div class=\"summary-info\"><div class=\"summary-comment\"><a href=\"http:\/\/www.blog.joachim-buchholz.de\/?p=2649#respond\">0 <i class=\"feather-icon-speech-bubble\"><\/i><\/a><\/div><div class=\"summary-date\"><i class=\"feather-icon-clock\"><\/i> 6. Oktober 2014<\/div><\/div><\/div><\/div><\/div><div class=\"clearfix\"><\/div><div class=\"blog-timeline-month-wrap\"><div class=\"blog-timeline-month\">August 2014<\/div><\/div><div class=\"blog-grid-element animation-standby animated fadeInUp blog-grid-element-left gridblock-element gridblock-col-1\"><div class=\"blog-grid-element-inner timeline-format-standard\"><a class=\"gridblock-image-link gridblock-columns\" href=\"http:\/\/www.blog.joachim-buchholz.de\/?p=2592\" rel=\"bookmark\" title=\"Frauen Etappenrennen  Albstadt 2014\"><span class=\"grid-icon-status\"><i class=\"feather-icon-paper fa-2x\"><\/i><\/span><img decoding=\"async\" src=\"http:\/\/www.blog.joachim-buchholz.de\/wp-content\/uploads\/2014\/08\/IMG_4274-Bearbeitet.jpg\" alt=\"\" class=\"preload-image displayed-image\"\/><\/a><div class=\"blog-grid-element-content\"><div class=\"work-details\"><h4><a href=\"http:\/\/www.blog.joachim-buchholz.de\/?p=2592\" rel=\"bookmark\" title=\"Frauen Etappenrennen  Albstadt 2014\">Frauen Etappenrennen  Albstadt 2014<\/a><\/h4><div class=\"entry-content work-description\">&nbsp; &nbsp;<\/div><\/div><div class=\"summary-info\"><div class=\"summary-comment\"><a href=\"http:\/\/www.blog.joachim-buchholz.de\/?p=2592#respond\">0 <i class=\"feather-icon-speech-bubble\"><\/i><\/a><\/div><div class=\"summary-date\"><i class=\"feather-icon-clock\"><\/i> 26. August 2014<\/div><\/div><\/div><\/div><\/div><div class=\"blog-grid-element animation-standby animated fadeInUp blog-grid-element-right gridblock-element gridblock-col-2\"><div class=\"blog-grid-element-inner timeline-format-standard\"><a class=\"gridblock-image-link gridblock-columns\" href=\"http:\/\/www.blog.joachim-buchholz.de\/?p=2580\" rel=\"bookmark\" title=\"Alpen Brevet 2014\"><span class=\"grid-icon-status\"><i class=\"feather-icon-paper fa-2x\"><\/i><\/span><img decoding=\"async\" src=\"http:\/\/www.blog.joachim-buchholz.de\/wp-content\/uploads\/2014\/08\/4426996_orig.jpg\" alt=\"\" class=\"preload-image displayed-image\"\/><\/a><div class=\"blog-grid-element-content\"><div class=\"work-details\"><h4><a href=\"http:\/\/www.blog.joachim-buchholz.de\/?p=2580\" rel=\"bookmark\" title=\"Alpen Brevet 2014\">Alpen Brevet 2014<\/a><\/h4><div class=\"entry-content work-description\">Meiringen, Schweiz Gold Tour:\u00a0 4 P\u00e4sse: Grimsel &#8211; Nufenen &#8211; Gotthard &#8211; Susten &nbsp;...<\/div><\/div><div class=\"summary-info\"><div class=\"summary-comment\"><a href=\"http:\/\/www.blog.joachim-buchholz.de\/?p=2580#respond\">0 <i class=\"feather-icon-speech-bubble\"><\/i><\/a><\/div><div class=\"summary-date\"><i class=\"feather-icon-clock\"><\/i> 26. August 2014<\/div><\/div><\/div><\/div><\/div><div class=\"clearfix\"><\/div><div class=\"blog-timeline-month-wrap\"><div class=\"blog-timeline-month\">Juli 2014<\/div><\/div><div class=\"blog-grid-element animation-standby animated fadeInUp blog-grid-element-left gridblock-element gridblock-col-1\"><div class=\"blog-grid-element-inner timeline-format-standard\"><a class=\"gridblock-image-link gridblock-columns\" href=\"http:\/\/www.blog.joachim-buchholz.de\/?p=2575\" rel=\"bookmark\" title=\"Albstadt Bike Marathon 2014\"><span class=\"grid-icon-status\"><i class=\"feather-icon-paper fa-2x\"><\/i><\/span><img decoding=\"async\" src=\"http:\/\/www.blog.joachim-buchholz.de\/wp-content\/uploads\/2014\/07\/sportograf-51580538.jpg\" alt=\"\" class=\"preload-image displayed-image\"\/><\/a><div class=\"blog-grid-element-content\"><div class=\"work-details\"><h4><a href=\"http:\/\/www.blog.joachim-buchholz.de\/?p=2575\" rel=\"bookmark\" title=\"Albstadt Bike Marathon 2014\">Albstadt Bike Marathon 2014<\/a><\/h4><div class=\"entry-content work-description\">Zeit: 3:37 &nbsp; &nbsp; &nbsp;<\/div><\/div><div class=\"summary-info\"><div class=\"summary-comment\"><a href=\"http:\/\/www.blog.joachim-buchholz.de\/?p=2575#respond\">0 <i class=\"feather-icon-speech-bubble\"><\/i><\/a><\/div><div class=\"summary-date\"><i class=\"feather-icon-clock\"><\/i> 27. Juli 2014<\/div><\/div><\/div><\/div><\/div><div class=\"blog-grid-element animation-standby animated fadeInUp blog-grid-element-right gridblock-element gridblock-col-2\"><div class=\"blog-grid-element-inner timeline-format-standard\"><a class=\"gridblock-image-link gridblock-columns\" href=\"http:\/\/www.blog.joachim-buchholz.de\/?p=2565\" rel=\"bookmark\" title=\"3 P\u00e4sser Tour Schweiz Andermatt\"><span class=\"grid-icon-status\"><i class=\"feather-icon-paper fa-2x\"><\/i><\/span><img decoding=\"async\" src=\"http:\/\/www.blog.joachim-buchholz.de\/wp-content\/uploads\/2014\/07\/2014-06-28-10.25.47.jpg\" alt=\"\" class=\"preload-image displayed-image\"\/><\/a><div class=\"blog-grid-element-content\"><div class=\"work-details\"><h4><a href=\"http:\/\/www.blog.joachim-buchholz.de\/?p=2565\" rel=\"bookmark\" title=\"3 P\u00e4sser Tour Schweiz Andermatt\">3 P\u00e4sser Tour Schweiz Andermatt<\/a><\/h4><div class=\"entry-content work-description\">Juni 2014 .. &nbsp; &nbsp;<\/div><\/div><div class=\"summary-info\"><div class=\"summary-comment\"><a href=\"http:\/\/www.blog.joachim-buchholz.de\/?p=2565#respond\">0 <i class=\"feather-icon-speech-bubble\"><\/i><\/a><\/div><div class=\"summary-date\"><i class=\"feather-icon-clock\"><\/i> 27. Juli 2014<\/div><\/div><\/div><\/div><\/div><div class=\"clearfix\"><\/div><div class=\"blog-timeline-month-wrap\"><div class=\"blog-timeline-month\">Juni 2014<\/div><\/div><div class=\"blog-grid-element animation-standby animated fadeInUp blog-grid-element-left gridblock-element gridblock-col-1\"><div class=\"blog-grid-element-inner timeline-format-standard\"><a class=\"gridblock-image-link gridblock-columns\" href=\"http:\/\/www.blog.joachim-buchholz.de\/?p=2548\" rel=\"bookmark\" title=\"Gardasee 2014\"><span class=\"grid-icon-status\"><i class=\"feather-icon-paper fa-2x\"><\/i><\/span><img decoding=\"async\" src=\"http:\/\/www.blog.joachim-buchholz.de\/wp-content\/uploads\/2014\/06\/2014-06-16-16.08.04_2.jpg\" alt=\"\" class=\"preload-image displayed-image\"\/><\/a><div class=\"blog-grid-element-content\"><div class=\"work-details\"><h4><a href=\"http:\/\/www.blog.joachim-buchholz.de\/?p=2548\" rel=\"bookmark\" title=\"Gardasee 2014\">Gardasee 2014<\/a><\/h4><div class=\"entry-content work-description\">. Tour 1: &nbsp; . Tour 2:<\/div><\/div><div class=\"summary-info\"><div class=\"summary-comment\"><a href=\"http:\/\/www.blog.joachim-buchholz.de\/?p=2548#respond\">0 <i class=\"feather-icon-speech-bubble\"><\/i><\/a><\/div><div class=\"summary-date\"><i class=\"feather-icon-clock\"><\/i> 21. Juni 2014<\/div><\/div><\/div><\/div><\/div><div class=\"blog-grid-element animation-standby animated fadeInUp blog-grid-element-right gridblock-element gridblock-col-2\"><div class=\"blog-grid-element-inner timeline-format-standard\"><a class=\"gridblock-image-link gridblock-columns\" href=\"http:\/\/www.blog.joachim-buchholz.de\/?p=2545\" rel=\"bookmark\" title=\"Gonso MTB Classic 2014\"><span class=\"grid-icon-status\"><i class=\"feather-icon-paper fa-2x\"><\/i><\/span><img decoding=\"async\" src=\"http:\/\/www.blog.joachim-buchholz.de\/wp-content\/uploads\/2014\/06\/sportograf-49424353.jpg\" alt=\"\" class=\"preload-image displayed-image\"\/><\/a><div class=\"blog-grid-element-content\"><div class=\"work-details\"><h4><a href=\"http:\/\/www.blog.joachim-buchholz.de\/?p=2545\" rel=\"bookmark\" title=\"Gonso MTB Classic 2014\">Gonso MTB Classic 2014<\/a><\/h4><div class=\"entry-content work-description\">&nbsp; Zeit: 1:42 . &nbsp; .<\/div><\/div><div class=\"summary-info\"><div class=\"summary-comment\"><a href=\"http:\/\/www.blog.joachim-buchholz.de\/?p=2545#respond\">0 <i class=\"feather-icon-speech-bubble\"><\/i><\/a><\/div><div class=\"summary-date\"><i class=\"feather-icon-clock\"><\/i> 21. Juni 2014<\/div><\/div><\/div><\/div><\/div><div class=\"blog-grid-element animation-standby animated fadeInUp blog-grid-element-left gridblock-element gridblock-col-1\"><div class=\"blog-grid-element-inner timeline-format-standard\"><a class=\"gridblock-image-link gridblock-columns\" href=\"http:\/\/www.blog.joachim-buchholz.de\/?p=2478\" rel=\"bookmark\" title=\"UCI MTB #4 World Cup Albstadt 2014\"><span class=\"grid-icon-status\"><i class=\"feather-icon-paper fa-2x\"><\/i><\/span><img decoding=\"async\" src=\"http:\/\/www.blog.joachim-buchholz.de\/wp-content\/uploads\/2014\/06\/IMG_4010.jpg\" alt=\"\" class=\"preload-image displayed-image\"\/><\/a><div class=\"blog-grid-element-content\"><div class=\"work-details\"><h4><a href=\"http:\/\/www.blog.joachim-buchholz.de\/?p=2478\" rel=\"bookmark\" title=\"UCI MTB #4 World Cup Albstadt 2014\">UCI MTB #4 World Cup Albstadt 2014<\/a><\/h4><div class=\"entry-content work-description\">Damen: &nbsp; &#8211; &nbsp; Herren: &nbsp; &nbsp; U23: &nbsp; &nbsp; &nbsp;<\/div><\/div><div class=\"summary-info\"><div class=\"summary-comment\"><a href=\"http:\/\/www.blog.joachim-buchholz.de\/?p=2478#respond\">0 <i class=\"feather-icon-speech-bubble\"><\/i><\/a><\/div><div class=\"summary-date\"><i class=\"feather-icon-clock\"><\/i> 4. Juni 2014<\/div><\/div><\/div><\/div><\/div><div class=\"clearfix\"><\/div><div class=\"blog-timeline-month-wrap\"><div class=\"blog-timeline-month\">Oktober 2013<\/div><\/div><div class=\"blog-grid-element animation-standby animated fadeInUp blog-grid-element-left gridblock-element gridblock-col-2\"><div class=\"blog-grid-element-inner timeline-format-standard\"><a class=\"gridblock-image-link gridblock-columns\" href=\"http:\/\/www.blog.joachim-buchholz.de\/?p=2436\" rel=\"bookmark\" title=\"Albgold Trophy 2013\"><span class=\"grid-icon-status\"><i class=\"feather-icon-paper fa-2x\"><\/i><\/span><img decoding=\"async\" src=\"http:\/\/www.blog.joachim-buchholz.de\/wp-content\/uploads\/2013\/10\/sportograf-43958902.jpg\" alt=\"\" class=\"preload-image displayed-image\"\/><\/a><div class=\"blog-grid-element-content\"><div class=\"work-details\"><h4><a href=\"http:\/\/www.blog.joachim-buchholz.de\/?p=2436\" rel=\"bookmark\" title=\"Albgold Trophy 2013\">Albgold Trophy 2013<\/a><\/h4><div class=\"entry-content work-description\">Matschrennen bei 8 \u00b0C Zeit: 3:40 Langdistanz: ca. 83 km\/ ca. 1.990 H\u00f6henmeter .<\/div><\/div><div class=\"summary-info\"><div class=\"summary-comment\"><a href=\"http:\/\/www.blog.joachim-buchholz.de\/?p=2436#respond\">0 <i class=\"feather-icon-speech-bubble\"><\/i><\/a><\/div><div class=\"summary-date\"><i class=\"feather-icon-clock\"><\/i> 9. Oktober 2013<\/div><\/div><\/div><\/div><\/div><div class=\"blog-grid-element animation-standby animated fadeInUp blog-grid-element-right gridblock-element gridblock-col-1\"><div class=\"blog-grid-element-inner timeline-format-standard\"><a class=\"gridblock-image-link gridblock-columns\" href=\"http:\/\/www.blog.joachim-buchholz.de\/?p=2386\" rel=\"bookmark\" title=\"Trans Zollernalb 2013\"><span class=\"grid-icon-status\"><i class=\"feather-icon-paper fa-2x\"><\/i><\/span><img decoding=\"async\" src=\"http:\/\/www.blog.joachim-buchholz.de\/wp-content\/uploads\/2013\/10\/Trans1.jpg\" alt=\"\" class=\"preload-image displayed-image\"\/><\/a><div class=\"blog-grid-element-content\"><div class=\"work-details\"><h4><a href=\"http:\/\/www.blog.joachim-buchholz.de\/?p=2386\" rel=\"bookmark\" title=\"Trans Zollernalb 2013\">Trans Zollernalb 2013<\/a><\/h4><div class=\"entry-content work-description\">Gesamtzeit: 9:06 Etappe 1: Ab 45 Km Krampf in der Wade Etappe 2: Sturz...<\/div><\/div><div class=\"summary-info\"><div class=\"summary-comment\"><a href=\"http:\/\/www.blog.joachim-buchholz.de\/?p=2386#respond\">0 <i class=\"feather-icon-speech-bubble\"><\/i><\/a><\/div><div class=\"summary-date\"><i class=\"feather-icon-clock\"><\/i> 5. Oktober 2013<\/div><\/div><\/div><\/div><\/div><div class=\"clearfix\"><\/div><div class=\"blog-timeline-month-wrap\"><div class=\"blog-timeline-month\">September 2013<\/div><\/div><div class=\"blog-grid-element animation-standby animated fadeInUp blog-grid-element-left gridblock-element gridblock-col-2\"><div class=\"blog-grid-element-inner timeline-format-standard\"><a class=\"gridblock-image-link gridblock-columns\" href=\"http:\/\/www.blog.joachim-buchholz.de\/?p=2369\" rel=\"bookmark\" title=\"Frauen Etappenrennen 2013\"><span class=\"grid-icon-status\"><i class=\"feather-icon-paper fa-2x\"><\/i><\/span><img decoding=\"async\" src=\"http:\/\/www.blog.joachim-buchholz.de\/wp-content\/uploads\/2013\/09\/MG_2557.jpg\" alt=\"\" class=\"preload-image displayed-image\"\/><\/a><div class=\"blog-grid-element-content\"><div class=\"work-details\"><h4><a href=\"http:\/\/www.blog.joachim-buchholz.de\/?p=2369\" rel=\"bookmark\" title=\"Frauen Etappenrennen 2013\">Frauen Etappenrennen 2013<\/a><\/h4><div class=\"entry-content work-description\">Truchtelfingen. &nbsp; . &nbsp;<\/div><\/div><div class=\"summary-info\"><div class=\"summary-comment\"><a href=\"http:\/\/www.blog.joachim-buchholz.de\/?p=2369#respond\">0 <i class=\"feather-icon-speech-bubble\"><\/i><\/a><\/div><div class=\"summary-date\"><i class=\"feather-icon-clock\"><\/i> 1. September 2013<\/div><\/div><\/div><\/div><\/div><div class=\"blog-grid-element animation-standby animated fadeInUp blog-grid-element-right gridblock-element gridblock-col-1\"><div class=\"blog-grid-element-inner timeline-format-standard\"><a class=\"gridblock-image-link gridblock-columns\" href=\"http:\/\/www.blog.joachim-buchholz.de\/?p=2354\" rel=\"bookmark\" title=\"Lucca 2013\"><span class=\"grid-icon-status\"><i class=\"feather-icon-paper fa-2x\"><\/i><\/span><img decoding=\"async\" src=\"http:\/\/www.blog.joachim-buchholz.de\/wp-content\/uploads\/2013\/09\/2013-08-13-10.57.44-2.jpg\" alt=\"\" class=\"preload-image displayed-image\"\/><\/a><div class=\"blog-grid-element-content\"><div class=\"work-details\"><h4><a href=\"http:\/\/www.blog.joachim-buchholz.de\/?p=2354\" rel=\"bookmark\" title=\"Lucca 2013\">Lucca 2013<\/a><\/h4><div class=\"entry-content work-description\">Sommerurlaub in der Toscana.. Mit giftigen? Pflanzen. &nbsp;<\/div><\/div><div class=\"summary-info\"><div class=\"summary-comment\"><a href=\"http:\/\/www.blog.joachim-buchholz.de\/?p=2354#respond\">0 <i class=\"feather-icon-speech-bubble\"><\/i><\/a><\/div><div class=\"summary-date\"><i class=\"feather-icon-clock\"><\/i> 1. September 2013<\/div><\/div><\/div><\/div><\/div><div class=\"clearfix\"><\/div><div class=\"blog-timeline-month-wrap\"><div class=\"blog-timeline-month\">Juli 2013<\/div><\/div><div class=\"blog-grid-element animation-standby animated fadeInUp blog-grid-element-left gridblock-element gridblock-col-2\"><div class=\"blog-grid-element-inner timeline-format-standard\"><a class=\"gridblock-image-link gridblock-columns\" href=\"http:\/\/www.blog.joachim-buchholz.de\/?p=2340\" rel=\"bookmark\" title=\"LBS Bike Marathon 2013\"><span class=\"grid-icon-status\"><i class=\"feather-icon-paper fa-2x\"><\/i><\/span><img decoding=\"async\" src=\"http:\/\/www.blog.joachim-buchholz.de\/wp-content\/uploads\/2013\/07\/sportograf-40451066.jpg\" alt=\"\" class=\"preload-image displayed-image\"\/><\/a><div class=\"blog-grid-element-content\"><div class=\"work-details\"><h4><a href=\"http:\/\/www.blog.joachim-buchholz.de\/?p=2340\" rel=\"bookmark\" title=\"LBS Bike Marathon 2013\">LBS Bike Marathon 2013<\/a><\/h4><div class=\"entry-content work-description\">Zeit: 3:30 . [osm_map_v3 map_center= &#8222;48.2266,9.0249&#8220; zoom=&#8220;12&#8243; width=&#8220;95%&#8220; height=&#8220;450&#8243; map_border=&#8220;thin solid &#8220; post_markers=&#8220;1&#8243; type=&#8220;&#8220;...<\/div><\/div><div class=\"summary-info\"><div class=\"summary-comment\"><a href=\"http:\/\/www.blog.joachim-buchholz.de\/?p=2340#respond\">0 <i class=\"feather-icon-speech-bubble\"><\/i><\/a><\/div><div class=\"summary-date\"><i class=\"feather-icon-clock\"><\/i> 15. Juli 2013<\/div><\/div><\/div><\/div><\/div><div class=\"clearfix\"><\/div><div class=\"blog-timeline-month-wrap\"><div class=\"blog-timeline-month\">Juni 2013<\/div><\/div><div class=\"blog-grid-element animation-standby animated fadeInUp blog-grid-element-left gridblock-element gridblock-col-1\"><div class=\"blog-grid-element-inner timeline-format-standard\"><a class=\"gridblock-image-link gridblock-columns\" href=\"http:\/\/www.blog.joachim-buchholz.de\/?p=2326\" rel=\"bookmark\" title=\"Bike Marathon Kirchzarten 2013\"><span class=\"grid-icon-status\"><i class=\"feather-icon-paper fa-2x\"><\/i><\/span><img decoding=\"async\" src=\"http:\/\/www.blog.joachim-buchholz.de\/wp-content\/uploads\/2012\/06\/B12.jpg\" alt=\"\" class=\"preload-image displayed-image\"\/><\/a><div class=\"blog-grid-element-content\"><div class=\"work-details\"><h4><a href=\"http:\/\/www.blog.joachim-buchholz.de\/?p=2326\" rel=\"bookmark\" title=\"Bike Marathon Kirchzarten 2013\">Bike Marathon Kirchzarten 2013<\/a><\/h4><div class=\"entry-content work-description\">Lief leider nicht so gut. Ab Km 27 Kr\u00e4mpfe! Zeit: 3:48 &nbsp; &nbsp;<\/div><\/div><div class=\"summary-info\"><div class=\"summary-comment\"><a href=\"http:\/\/www.blog.joachim-buchholz.de\/?p=2326#respond\">0 <i class=\"feather-icon-speech-bubble\"><\/i><\/a><\/div><div class=\"summary-date\"><i class=\"feather-icon-clock\"><\/i> 28. Juni 2013<\/div><\/div><\/div><\/div><\/div><div class=\"clearfix\"><\/div><div class=\"blog-timeline-month-wrap\"><div class=\"blog-timeline-month\">Mai 2013<\/div><\/div><div class=\"blog-grid-element animation-standby animated fadeInUp blog-grid-element-left gridblock-element gridblock-col-2\"><div class=\"blog-grid-element-inner timeline-format-standard\"><a class=\"gridblock-image-link gridblock-columns\" href=\"http:\/\/www.blog.joachim-buchholz.de\/?p=2315\" rel=\"bookmark\" title=\"Gonso MTB Classic 2013\"><span class=\"grid-icon-status\"><i class=\"feather-icon-paper fa-2x\"><\/i><\/span><img decoding=\"async\" src=\"http:\/\/www.blog.joachim-buchholz.de\/wp-content\/uploads\/2013\/05\/sportograf-38158887.jpg\" alt=\"Gonso Kurzmarathon 2013\" class=\"preload-image displayed-image\"\/><\/a><div class=\"blog-grid-element-content\"><div class=\"work-details\"><h4><a href=\"http:\/\/www.blog.joachim-buchholz.de\/?p=2315\" rel=\"bookmark\" title=\"Gonso MTB Classic 2013\">Gonso MTB Classic 2013<\/a><\/h4><div class=\"entry-content work-description\">Zeit: 1:49<\/div><\/div><div class=\"summary-info\"><div class=\"summary-comment\"><a href=\"http:\/\/www.blog.joachim-buchholz.de\/?p=2315#respond\">0 <i class=\"feather-icon-speech-bubble\"><\/i><\/a><\/div><div class=\"summary-date\"><i class=\"feather-icon-clock\"><\/i> 22. Mai 2013<\/div><\/div><\/div><\/div><\/div><div class=\"blog-grid-element animation-standby animated fadeInUp blog-grid-element-right gridblock-element gridblock-col-1\"><div class=\"blog-grid-element-inner timeline-format-standard\"><a class=\"gridblock-image-link gridblock-columns\" href=\"http:\/\/www.blog.joachim-buchholz.de\/?p=2236\" rel=\"bookmark\" title=\"UCI Mountainbike World Cup, Albstadt 2013\"><span class=\"grid-icon-status\"><i class=\"feather-icon-paper fa-2x\"><\/i><\/span><img decoding=\"async\" src=\"http:\/\/www.blog.joachim-buchholz.de\/wp-content\/uploads\/2013\/05\/MG_0973.jpg\" alt=\"\" class=\"preload-image displayed-image\"\/><\/a><div class=\"blog-grid-element-content\"><div class=\"work-details\"><h4><a href=\"http:\/\/www.blog.joachim-buchholz.de\/?p=2236\" rel=\"bookmark\" title=\"UCI Mountainbike World Cup, Albstadt 2013\">UCI Mountainbike World Cup, Albstadt 2013<\/a><\/h4><div class=\"entry-content work-description\">Elite Woman \/ Men: http:\/\/acrossthecountry.net\/weltcup-albstadt-sensationssieger-mcconnell\/<\/div><\/div><div class=\"summary-info\"><div class=\"summary-comment\"><a href=\"http:\/\/www.blog.joachim-buchholz.de\/?p=2236#respond\">0 <i class=\"feather-icon-speech-bubble\"><\/i><\/a><\/div><div class=\"summary-date\"><i class=\"feather-icon-clock\"><\/i> 20. Mai 2013<\/div><\/div><\/div><\/div><\/div><div class=\"clearfix\"><\/div><div class=\"blog-timeline-month-wrap\"><div class=\"blog-timeline-month\">April 2013<\/div><\/div><div class=\"blog-grid-element animation-standby animated fadeInUp blog-grid-element-left gridblock-element gridblock-col-2\"><div class=\"blog-grid-element-inner timeline-format-standard\"><a class=\"gridblock-image-link gridblock-columns\" href=\"http:\/\/www.blog.joachim-buchholz.de\/?p=2189\" rel=\"bookmark\" title=\"XC M\u00fcnsingen 2013\"><span class=\"grid-icon-status\"><i class=\"feather-icon-paper fa-2x\"><\/i><\/span><img decoding=\"async\" src=\"http:\/\/www.blog.joachim-buchholz.de\/wp-content\/uploads\/2013\/04\/Avancini.jpg\" alt=\"\" class=\"preload-image displayed-image\"\/><\/a><div class=\"blog-grid-element-content\"><div class=\"work-details\"><h4><a href=\"http:\/\/www.blog.joachim-buchholz.de\/?p=2189\" rel=\"bookmark\" title=\"XC M\u00fcnsingen 2013\">XC M\u00fcnsingen 2013<\/a><\/h4><div class=\"entry-content work-description\">M\u00fcnsingen mal bei sch\u00f6nem Wetter: &nbsp; .<\/div><\/div><div class=\"summary-info\"><div class=\"summary-comment\"><a href=\"http:\/\/www.blog.joachim-buchholz.de\/?p=2189#respond\">0 <i class=\"feather-icon-speech-bubble\"><\/i><\/a><\/div><div class=\"summary-date\"><i class=\"feather-icon-clock\"><\/i> 15. April 2013<\/div><\/div><\/div><\/div><\/div><div class=\"clearfix\"><\/div><div class=\"blog-timeline-month-wrap\"><div class=\"blog-timeline-month\">Januar 2013<\/div><\/div><div class=\"blog-grid-element animation-standby animated fadeInUp blog-grid-element-left gridblock-element gridblock-col-1\"><div class=\"blog-grid-element-inner timeline-format-standard\"><a class=\"grid-blank-element  gridblock-image-link gridblock-columns\" title=\"Tour 1 2013\" href=\"http:\/\/www.blog.joachim-buchholz.de\/?p=2146\" ><span class=\"grid-icon-status\"><i class=\"feather-icon-paper fa-2x\"><\/i><\/span><div class=\"gridblock-blank-element\"><img decoding=\"async\" src=\"http:\/\/www.blog.joachim-buchholz.de\/wp-content\/themes\/kinetika\/images\/icons\/blank-grid.png\" alt=\"blank\" \/><\/div><\/a><div class=\"blog-grid-element-content\"><div class=\"work-details\"><h4><a href=\"http:\/\/www.blog.joachim-buchholz.de\/?p=2146\" rel=\"bookmark\" title=\"Tour 1 2013\">Tour 1 2013<\/a><\/h4><div class=\"entry-content work-description\">Heute Wintersport bei -7\u00b0C: &nbsp; &nbsp; &nbsp;<\/div><\/div><div class=\"summary-info\"><div class=\"summary-comment\"><a href=\"http:\/\/www.blog.joachim-buchholz.de\/?p=2146#respond\">0 <i class=\"feather-icon-speech-bubble\"><\/i><\/a><\/div><div class=\"summary-date\"><i class=\"feather-icon-clock\"><\/i> 30. Januar 2013<\/div><\/div><\/div><\/div><\/div><div class=\"clearfix\"><\/div><div class=\"blog-timeline-month-wrap\"><div class=\"blog-timeline-month\">Dezember 2012<\/div><\/div><div class=\"blog-grid-element animation-standby animated fadeInUp blog-grid-element-left gridblock-element gridblock-col-2\"><div class=\"blog-grid-element-inner timeline-format-standard\"><a class=\"grid-blank-element  gridblock-image-link gridblock-columns\" title=\"2012\" href=\"http:\/\/www.blog.joachim-buchholz.de\/?p=2137\" ><span class=\"grid-icon-status\"><i class=\"feather-icon-paper fa-2x\"><\/i><\/span><div class=\"gridblock-blank-element\"><img decoding=\"async\" src=\"http:\/\/www.blog.joachim-buchholz.de\/wp-content\/themes\/kinetika\/images\/icons\/blank-grid.png\" alt=\"blank\" \/><\/div><\/a><div class=\"blog-grid-element-content\"><div class=\"work-details\"><h4><a href=\"http:\/\/www.blog.joachim-buchholz.de\/?p=2137\" rel=\"bookmark\" title=\"2012\">2012<\/a><\/h4><div class=\"entry-content work-description\">Am 30.12.12 die letzte (72.) Bike- Tour. &nbsp; &nbsp; &nbsp; . &nbsp; &nbsp;<\/div><\/div><div class=\"summary-info\"><div class=\"summary-comment\"><a href=\"http:\/\/www.blog.joachim-buchholz.de\/?p=2137#respond\">0 <i class=\"feather-icon-speech-bubble\"><\/i><\/a><\/div><div class=\"summary-date\"><i class=\"feather-icon-clock\"><\/i> 30. Dezember 2012<\/div><\/div><\/div><\/div><\/div><div class=\"clearfix\"><\/div><div class=\"blog-timeline-month-wrap\"><div class=\"blog-timeline-month\">September 2012<\/div><\/div><div class=\"blog-grid-element animation-standby animated fadeInUp blog-grid-element-left gridblock-element gridblock-col-1\"><div class=\"blog-grid-element-inner timeline-format-standard\"><a class=\"gridblock-image-link gridblock-columns\" href=\"http:\/\/www.blog.joachim-buchholz.de\/?p=2097\" rel=\"bookmark\" title=\"Trans Zollernalb 2012\"><span class=\"grid-icon-status\"><i class=\"feather-icon-paper fa-2x\"><\/i><\/span><img decoding=\"async\" src=\"http:\/\/www.blog.joachim-buchholz.de\/wp-content\/uploads\/2012\/09\/sportograf-33611469.jpg\" alt=\"\" class=\"preload-image displayed-image\"\/><\/a><div class=\"blog-grid-element-content\"><div class=\"work-details\"><h4><a href=\"http:\/\/www.blog.joachim-buchholz.de\/?p=2097\" rel=\"bookmark\" title=\"Trans Zollernalb 2012\">Trans Zollernalb 2012<\/a><\/h4><div class=\"entry-content work-description\">. 1. Etappe: Haigerloch- Bad Imnau &#8211; Balingen 58,8 Kilometer \/ 913 H\u00f6henmeter Zeit:...<\/div><\/div><div class=\"summary-info\"><div class=\"summary-comment\"><a href=\"http:\/\/www.blog.joachim-buchholz.de\/?p=2097#respond\">0 <i class=\"feather-icon-speech-bubble\"><\/i><\/a><\/div><div class=\"summary-date\"><i class=\"feather-icon-clock\"><\/i> 25. September 2012<\/div><\/div><\/div><\/div><\/div><div class=\"blog-grid-element animation-standby animated fadeInUp blog-grid-element-right gridblock-element gridblock-col-2\"><div class=\"blog-grid-element-inner timeline-format-standard\"><a class=\"grid-blank-element  gridblock-image-link gridblock-columns\" title=\"MTB Event Frohnstetten 2012\" href=\"http:\/\/www.blog.joachim-buchholz.de\/?p=2088\" ><span class=\"grid-icon-status\"><i class=\"feather-icon-paper fa-2x\"><\/i><\/span><div class=\"gridblock-blank-element\"><img decoding=\"async\" src=\"http:\/\/www.blog.joachim-buchholz.de\/wp-content\/themes\/kinetika\/images\/icons\/blank-grid.png\" alt=\"blank\" \/><\/div><\/a><div class=\"blog-grid-element-content\"><div class=\"work-details\"><h4><a href=\"http:\/\/www.blog.joachim-buchholz.de\/?p=2088\" rel=\"bookmark\" title=\"MTB Event Frohnstetten 2012\">MTB Event Frohnstetten 2012<\/a><\/h4><div class=\"entry-content work-description\">Zeit: Mal wieder 2:02 &nbsp; &nbsp; &nbsp; Hier mal die aktuelle Jahreszusammenfassung: &nbsp;<\/div><\/div><div class=\"summary-info\"><div class=\"summary-comment\"><a href=\"http:\/\/www.blog.joachim-buchholz.de\/?p=2088#respond\">0 <i class=\"feather-icon-speech-bubble\"><\/i><\/a><\/div><div class=\"summary-date\"><i class=\"feather-icon-clock\"><\/i> 19. September 2012<\/div><\/div><\/div><\/div><\/div><div class=\"blog-grid-element animation-standby animated fadeInUp blog-grid-element-left gridblock-element gridblock-col-1\"><div class=\"blog-grid-element-inner timeline-format-standard\"><a class=\"grid-blank-element  gridblock-image-link gridblock-columns\" title=\"Gonso Kurz- Marathon 2012\" href=\"http:\/\/www.blog.joachim-buchholz.de\/?p=2072\" ><span class=\"grid-icon-status\"><i class=\"feather-icon-paper fa-2x\"><\/i><\/span><div class=\"gridblock-blank-element\"><img decoding=\"async\" src=\"http:\/\/www.blog.joachim-buchholz.de\/wp-content\/themes\/kinetika\/images\/icons\/blank-grid.png\" alt=\"blank\" \/><\/div><\/a><div class=\"blog-grid-element-content\"><div class=\"work-details\"><h4><a href=\"http:\/\/www.blog.joachim-buchholz.de\/?p=2072\" rel=\"bookmark\" title=\"Gonso Kurz- Marathon 2012\">Gonso Kurz- Marathon 2012<\/a><\/h4><div class=\"entry-content work-description\">Lief leider nicht so gut. Hatte die erste H\u00e4lfte \u00fcberzogen. Zeit: 2:02 &nbsp; &nbsp;<\/div><\/div><div class=\"summary-info\"><div class=\"summary-comment\"><a href=\"http:\/\/www.blog.joachim-buchholz.de\/?p=2072#respond\">0 <i class=\"feather-icon-speech-bubble\"><\/i><\/a><\/div><div class=\"summary-date\"><i class=\"feather-icon-clock\"><\/i> 4. September 2012<\/div><\/div><\/div><\/div><\/div><div class=\"blog-grid-element animation-standby animated fadeInUp blog-grid-element-right gridblock-element gridblock-col-2\"><div class=\"blog-grid-element-inner timeline-format-standard\"><a class=\"gridblock-image-link gridblock-columns\" href=\"http:\/\/www.blog.joachim-buchholz.de\/?p=2030\" rel=\"bookmark\" title=\"Gonso XC Albstadt 2012\"><span class=\"grid-icon-status\"><i class=\"feather-icon-paper fa-2x\"><\/i><\/span><img decoding=\"async\" src=\"http:\/\/www.blog.joachim-buchholz.de\/wp-content\/uploads\/2012\/09\/All.jpg\" alt=\"\" class=\"preload-image displayed-image\"\/><\/a><div class=\"blog-grid-element-content\"><div class=\"work-details\"><h4><a href=\"http:\/\/www.blog.joachim-buchholz.de\/?p=2030\" rel=\"bookmark\" title=\"Gonso XC Albstadt 2012\">Gonso XC Albstadt 2012<\/a><\/h4><div class=\"entry-content work-description\">&nbsp; \u00a0Herren: &nbsp; U19 \/ U23: &nbsp; Weitere Fotos unter www.joachim-buchholz.de\/Albstadt\/Gonso2012\/ &nbsp; &nbsp;<\/div><\/div><div class=\"summary-info\"><div class=\"summary-comment\"><a href=\"http:\/\/www.blog.joachim-buchholz.de\/?p=2030#respond\">0 <i class=\"feather-icon-speech-bubble\"><\/i><\/a><\/div><div class=\"summary-date\"><i class=\"feather-icon-clock\"><\/i> 2. September 2012<\/div><\/div><\/div><\/div><\/div><div class=\"clearfix\"><\/div><div class=\"blog-timeline-month-wrap\"><div class=\"blog-timeline-month\">August 2012<\/div><\/div><div class=\"blog-grid-element animation-standby animated fadeInUp blog-grid-element-left gridblock-element gridblock-col-1\"><div class=\"blog-grid-element-inner timeline-format-standard\"><a class=\"grid-blank-element  gridblock-image-link gridblock-columns\" title=\"Stilfser Joch 2012\" href=\"http:\/\/www.blog.joachim-buchholz.de\/?p=2015\" ><span class=\"grid-icon-status\"><i class=\"feather-icon-paper fa-2x\"><\/i><\/span><div class=\"gridblock-blank-element\"><img decoding=\"async\" src=\"http:\/\/www.blog.joachim-buchholz.de\/wp-content\/themes\/kinetika\/images\/icons\/blank-grid.png\" alt=\"blank\" \/><\/div><\/a><div class=\"blog-grid-element-content\"><div class=\"work-details\"><h4><a href=\"http:\/\/www.blog.joachim-buchholz.de\/?p=2015\" rel=\"bookmark\" title=\"Stilfser Joch 2012\">Stilfser Joch 2012<\/a><\/h4><div class=\"entry-content work-description\">Hoch zum Stelfio (H\u00f6he 2757\u00a0m) von Prad (915\u00a0m) aus mit 48 Kehren. Zeit: 2:07...<\/div><\/div><div class=\"summary-info\"><div class=\"summary-comment\"><a href=\"http:\/\/www.blog.joachim-buchholz.de\/?p=2015#respond\">0 <i class=\"feather-icon-speech-bubble\"><\/i><\/a><\/div><div class=\"summary-date\"><i class=\"feather-icon-clock\"><\/i> 15. August 2012<\/div><\/div><\/div><\/div><\/div><div class=\"clearfix\"><\/div><div class=\"blog-timeline-month-wrap\"><div class=\"blog-timeline-month\">Juli 2012<\/div><\/div><div class=\"blog-grid-element animation-standby animated fadeInUp blog-grid-element-left gridblock-element gridblock-col-2\"><div class=\"blog-grid-element-inner timeline-format-standard\"><a class=\"grid-blank-element  gridblock-image-link gridblock-columns\" title=\"LBS Bike Marathon 2012\" href=\"http:\/\/www.blog.joachim-buchholz.de\/?p=2005\" ><span class=\"grid-icon-status\"><i class=\"feather-icon-paper fa-2x\"><\/i><\/span><div class=\"gridblock-blank-element\"><img decoding=\"async\" src=\"http:\/\/www.blog.joachim-buchholz.de\/wp-content\/themes\/kinetika\/images\/icons\/blank-grid.png\" alt=\"blank\" \/><\/div><\/a><div class=\"blog-grid-element-content\"><div class=\"work-details\"><h4><a href=\"http:\/\/www.blog.joachim-buchholz.de\/?p=2005\" rel=\"bookmark\" title=\"LBS Bike Marathon 2012\">LBS Bike Marathon 2012<\/a><\/h4><div class=\"entry-content work-description\">Zeit: 3:58 &nbsp; Hier hat es noch nicht geregnet: &nbsp; &nbsp; &nbsp;<\/div><\/div><div class=\"summary-info\"><div class=\"summary-comment\"><a href=\"http:\/\/www.blog.joachim-buchholz.de\/?p=2005#respond\">0 <i class=\"feather-icon-speech-bubble\"><\/i><\/a><\/div><div class=\"summary-date\"><i class=\"feather-icon-clock\"><\/i> 26. Juli 2012<\/div><\/div><\/div><\/div><\/div><div class=\"clearfix\"><\/div><div class=\"blog-timeline-month-wrap\"><div class=\"blog-timeline-month\">Juni 2012<\/div><\/div><div class=\"blog-grid-element animation-standby animated fadeInUp blog-grid-element-left gridblock-element gridblock-col-1\"><div class=\"blog-grid-element-inner timeline-format-standard\"><a class=\"gridblock-image-link gridblock-columns\" href=\"http:\/\/www.blog.joachim-buchholz.de\/?p=1987\" rel=\"bookmark\" title=\"Black Forest Ultra Bike Marathon 2012\"><span class=\"grid-icon-status\"><i class=\"feather-icon-paper fa-2x\"><\/i><\/span><img decoding=\"async\" src=\"http:\/\/www.blog.joachim-buchholz.de\/wp-content\/uploads\/2012\/06\/2-Bearbeitet.jpg\" alt=\"\" class=\"preload-image displayed-image\"\/><\/a><div class=\"blog-grid-element-content\"><div class=\"work-details\"><h4><a href=\"http:\/\/www.blog.joachim-buchholz.de\/?p=1987\" rel=\"bookmark\" title=\"Black Forest Ultra Bike Marathon 2012\">Black Forest Ultra Bike Marathon 2012<\/a><\/h4><div class=\"entry-content work-description\">Kirchzarten 77 km \/ 2000 Hm Zeit : 3:51 &nbsp; &nbsp; &nbsp; &nbsp; &nbsp;<\/div><\/div><div class=\"summary-info\"><div class=\"summary-comment\"><a href=\"http:\/\/www.blog.joachim-buchholz.de\/?p=1987#respond\">0 <i class=\"feather-icon-speech-bubble\"><\/i><\/a><\/div><div class=\"summary-date\"><i class=\"feather-icon-clock\"><\/i> 21. Juni 2012<\/div><\/div><\/div><\/div><\/div><div class=\"clearfix\"><\/div><div class=\"blog-timeline-month-wrap\"><div class=\"blog-timeline-month\">Mai 2012<\/div><\/div><div class=\"blog-grid-element animation-standby animated fadeInUp blog-grid-element-left gridblock-element gridblock-col-2\"><div class=\"blog-grid-element-inner timeline-format-standard\"><a class=\"grid-blank-element  gridblock-image-link gridblock-columns\" title=\"Frauen Etappenrennen Truchtelfingen 2012\" href=\"http:\/\/www.blog.joachim-buchholz.de\/?p=1973\" ><span class=\"grid-icon-status\"><i class=\"feather-icon-paper fa-2x\"><\/i><\/span><div class=\"gridblock-blank-element\"><img decoding=\"async\" src=\"http:\/\/www.blog.joachim-buchholz.de\/wp-content\/themes\/kinetika\/images\/icons\/blank-grid.png\" alt=\"blank\" \/><\/div><\/a><div class=\"blog-grid-element-content\"><div class=\"work-details\"><h4><a href=\"http:\/\/www.blog.joachim-buchholz.de\/?p=1973\" rel=\"bookmark\" title=\"Frauen Etappenrennen Truchtelfingen 2012\">Frauen Etappenrennen Truchtelfingen 2012<\/a><\/h4><div class=\"entry-content work-description\">Hanka Kupfernagel hat Titel bei der Berg-DM in Albstadt verteidigt und zum dritten mal...<\/div><\/div><div class=\"summary-info\"><div class=\"summary-comment\"><a href=\"http:\/\/www.blog.joachim-buchholz.de\/?p=1973#respond\">0 <i class=\"feather-icon-speech-bubble\"><\/i><\/a><\/div><div class=\"summary-date\"><i class=\"feather-icon-clock\"><\/i> 17. Mai 2012<\/div><\/div><\/div><\/div><\/div><div class=\"clearfix\"><\/div><div class=\"blog-timeline-month-wrap\"><div class=\"blog-timeline-month\">April 2012<\/div><\/div><div class=\"blog-grid-element animation-standby animated fadeInUp blog-grid-element-left gridblock-element gridblock-col-1\"><div class=\"blog-grid-element-inner timeline-format-standard\"><a class=\"gridblock-image-link gridblock-columns\" href=\"http:\/\/www.blog.joachim-buchholz.de\/?p=1925\" rel=\"bookmark\" title=\"CC M\u00fcnsingen 2012\"><span class=\"grid-icon-status\"><i class=\"feather-icon-paper fa-2x\"><\/i><\/span><img decoding=\"async\" src=\"http:\/\/www.blog.joachim-buchholz.de\/wp-content\/uploads\/2012\/04\/IMG_0399-M\u00fcnsingen.jpg\" alt=\"\" class=\"preload-image displayed-image\"\/><\/a><div class=\"blog-grid-element-content\"><div class=\"work-details\"><h4><a href=\"http:\/\/www.blog.joachim-buchholz.de\/?p=1925\" rel=\"bookmark\" title=\"CC M\u00fcnsingen 2012\">CC M\u00fcnsingen 2012<\/a><\/h4><div class=\"entry-content work-description\">Damen: 1. Dahle Flesja Gunn-Rita,\u00a0\u00a0\u00a0\u00a0 \u00a0Multivan Merida Biking Team 2. Leumann Katrin, CH- \u00a0\u00a0\u00a0\u00a0\u00a0\u00a0\u00a0...<\/div><\/div><div class=\"summary-info\"><div class=\"summary-comment\"><a href=\"http:\/\/www.blog.joachim-buchholz.de\/?p=1925#respond\">0 <i class=\"feather-icon-speech-bubble\"><\/i><\/a><\/div><div class=\"summary-date\"><i class=\"feather-icon-clock\"><\/i> 22. April 2012<\/div><\/div><\/div><\/div><\/div><div class=\"blog-grid-element animation-standby animated fadeInUp blog-grid-element-right gridblock-element gridblock-col-2\"><div class=\"blog-grid-element-inner timeline-format-standard\"><a class=\"grid-blank-element  gridblock-image-link gridblock-columns\" title=\"Rennradtour\" href=\"http:\/\/www.blog.joachim-buchholz.de\/?p=1920\" ><span class=\"grid-icon-status\"><i class=\"feather-icon-paper fa-2x\"><\/i><\/span><div class=\"gridblock-blank-element\"><img decoding=\"async\" src=\"http:\/\/www.blog.joachim-buchholz.de\/wp-content\/themes\/kinetika\/images\/icons\/blank-grid.png\" alt=\"blank\" \/><\/div><\/a><div class=\"blog-grid-element-content\"><div class=\"work-details\"><h4><a href=\"http:\/\/www.blog.joachim-buchholz.de\/?p=1920\" rel=\"bookmark\" title=\"Rennradtour\">Rennradtour<\/a><\/h4><div class=\"entry-content work-description\">Mit dem Rennrad unterwegs&#8230;<\/div><\/div><div class=\"summary-info\"><div class=\"summary-comment\"><a href=\"http:\/\/www.blog.joachim-buchholz.de\/?p=1920#respond\">0 <i class=\"feather-icon-speech-bubble\"><\/i><\/a><\/div><div class=\"summary-date\"><i class=\"feather-icon-clock\"><\/i> 2. April 2012<\/div><\/div><\/div><\/div><\/div><div class=\"clearfix\"><\/div><div class=\"blog-timeline-month-wrap\"><div class=\"blog-timeline-month\">Januar 2012<\/div><\/div><div class=\"blog-grid-element animation-standby animated fadeInUp blog-grid-element-left gridblock-element gridblock-col-1\"><div class=\"blog-grid-element-inner timeline-format-standard\"><a class=\"gridblock-image-link gridblock-columns\" href=\"http:\/\/www.blog.joachim-buchholz.de\/?p=1909\" rel=\"bookmark\" title=\"Bike Season 2012\"><span class=\"grid-icon-status\"><i class=\"feather-icon-paper fa-2x\"><\/i><\/span><img decoding=\"async\" src=\"http:\/\/www.blog.joachim-buchholz.de\/wp-content\/uploads\/2012\/01\/P1020020.jpg\" alt=\"\" class=\"preload-image displayed-image\"\/><\/a><div class=\"blog-grid-element-content\"><div class=\"work-details\"><h4><a href=\"http:\/\/www.blog.joachim-buchholz.de\/?p=1909\" rel=\"bookmark\" title=\"Bike Season 2012\">Bike Season 2012<\/a><\/h4><div class=\"entry-content work-description\">Heute war ich zum ersten mal im Jahr biken. Das Wetter war sch\u00f6n, ein...<\/div><\/div><div class=\"summary-info\"><div class=\"summary-comment\"><a href=\"http:\/\/www.blog.joachim-buchholz.de\/?p=1909#respond\">0 <i class=\"feather-icon-speech-bubble\"><\/i><\/a><\/div><div class=\"summary-date\"><i class=\"feather-icon-clock\"><\/i> 14. Januar 2012<\/div><\/div><\/div><\/div><\/div><div class=\"clearfix\"><\/div><div class=\"blog-timeline-month-wrap\"><div class=\"blog-timeline-month\">September 2011<\/div><\/div><div class=\"blog-grid-element animation-standby animated fadeInUp blog-grid-element-left gridblock-element gridblock-col-2\"><div class=\"blog-grid-element-inner timeline-format-standard\"><a class=\"grid-blank-element  gridblock-image-link gridblock-columns\" title=\"Trans- Zollernalb 2011\" href=\"http:\/\/www.blog.joachim-buchholz.de\/?p=1885\" ><span class=\"grid-icon-status\"><i class=\"feather-icon-paper fa-2x\"><\/i><\/span><div class=\"gridblock-blank-element\"><img decoding=\"async\" src=\"http:\/\/www.blog.joachim-buchholz.de\/wp-content\/themes\/kinetika\/images\/icons\/blank-grid.png\" alt=\"blank\" \/><\/div><\/a><div class=\"blog-grid-element-content\"><div class=\"work-details\"><h4><a href=\"http:\/\/www.blog.joachim-buchholz.de\/?p=1885\" rel=\"bookmark\" title=\"Trans- Zollernalb 2011\">Trans- Zollernalb 2011<\/a><\/h4><div class=\"entry-content work-description\">War leider nicht mit dabei, da bin ich zu langsam \ud83d\ude09 Aber ein paar...<\/div><\/div><div class=\"summary-info\"><div class=\"summary-comment\"><a href=\"http:\/\/www.blog.joachim-buchholz.de\/?p=1885#respond\">0 <i class=\"feather-icon-speech-bubble\"><\/i><\/a><\/div><div class=\"summary-date\"><i class=\"feather-icon-clock\"><\/i> 26. September 2011<\/div><\/div><\/div><\/div><\/div><div class=\"clearfix\"><\/div><div class=\"blog-timeline-month-wrap\"><div class=\"blog-timeline-month\">August 2011<\/div><\/div><div class=\"blog-grid-element animation-standby animated fadeInUp blog-grid-element-left gridblock-element gridblock-col-1\"><div class=\"blog-grid-element-inner timeline-format-standard\"><a class=\"grid-blank-element  gridblock-image-link gridblock-columns\" title=\"Lago di Garda: Tour 3\" href=\"http:\/\/www.blog.joachim-buchholz.de\/?p=1863\" ><span class=\"grid-icon-status\"><i class=\"feather-icon-paper fa-2x\"><\/i><\/span><div class=\"gridblock-blank-element\"><img decoding=\"async\" src=\"http:\/\/www.blog.joachim-buchholz.de\/wp-content\/themes\/kinetika\/images\/icons\/blank-grid.png\" alt=\"blank\" \/><\/div><\/a><div class=\"blog-grid-element-content\"><div class=\"work-details\"><h4><a href=\"http:\/\/www.blog.joachim-buchholz.de\/?p=1863\" rel=\"bookmark\" title=\"Lago di Garda: Tour 3\">Lago di Garda: Tour 3<\/a><\/h4><div class=\"entry-content work-description\">Tour nach Tignale,\u00a0 zum Stausee Di Valvestino, runter zum Passo di Scarpa. Insgesamt ca....<\/div><\/div><div class=\"summary-info\"><div class=\"summary-comment\"><a href=\"http:\/\/www.blog.joachim-buchholz.de\/?p=1863#respond\">0 <i class=\"feather-icon-speech-bubble\"><\/i><\/a><\/div><div class=\"summary-date\"><i class=\"feather-icon-clock\"><\/i> 12. August 2011<\/div><\/div><\/div><\/div><\/div><div class=\"blog-grid-element animation-standby animated fadeInUp blog-grid-element-right gridblock-element gridblock-col-2\"><div class=\"blog-grid-element-inner timeline-format-standard\"><a class=\"grid-blank-element  gridblock-image-link gridblock-columns\" title=\"Lago di Garda: Tour 2\" href=\"http:\/\/www.blog.joachim-buchholz.de\/?p=1837\" ><span class=\"grid-icon-status\"><i class=\"feather-icon-paper fa-2x\"><\/i><\/span><div class=\"gridblock-blank-element\"><img decoding=\"async\" src=\"http:\/\/www.blog.joachim-buchholz.de\/wp-content\/themes\/kinetika\/images\/icons\/blank-grid.png\" alt=\"blank\" \/><\/div><\/a><div class=\"blog-grid-element-content\"><div class=\"work-details\"><h4><a href=\"http:\/\/www.blog.joachim-buchholz.de\/?p=1837\" rel=\"bookmark\" title=\"Lago di Garda: Tour 2\">Lago di Garda: Tour 2<\/a><\/h4><div class=\"entry-content work-description\">&nbsp; &nbsp; Tour ins Tal San Michele, Bocca di Campei (1860 m), vorbei am...<\/div><\/div><div class=\"summary-info\"><div class=\"summary-comment\"><a href=\"http:\/\/www.blog.joachim-buchholz.de\/?p=1837#respond\">0 <i class=\"feather-icon-speech-bubble\"><\/i><\/a><\/div><div class=\"summary-date\"><i class=\"feather-icon-clock\"><\/i> 12. August 2011<\/div><\/div><\/div><\/div><\/div><div class=\"blog-grid-element animation-standby animated fadeInUp blog-grid-element-left gridblock-element gridblock-col-1\"><div class=\"blog-grid-element-inner timeline-format-standard\"><a class=\"grid-blank-element  gridblock-image-link gridblock-columns\" title=\"Lago di Garda 2011: Tour 1\" href=\"http:\/\/www.blog.joachim-buchholz.de\/?p=1819\" ><span class=\"grid-icon-status\"><i class=\"feather-icon-paper fa-2x\"><\/i><\/span><div class=\"gridblock-blank-element\"><img decoding=\"async\" src=\"http:\/\/www.blog.joachim-buchholz.de\/wp-content\/themes\/kinetika\/images\/icons\/blank-grid.png\" alt=\"blank\" \/><\/div><\/a><div class=\"blog-grid-element-content\"><div class=\"work-details\"><h4><a href=\"http:\/\/www.blog.joachim-buchholz.de\/?p=1819\" rel=\"bookmark\" title=\"Lago di Garda 2011: Tour 1\">Lago di Garda 2011: Tour 1<\/a><\/h4><div class=\"entry-content work-description\">Tour \u00fcber den Passo Nota an den Lago di Ledro und zur\u00fcck \u00fcber den...<\/div><\/div><div class=\"summary-info\"><div class=\"summary-comment\"><a href=\"http:\/\/www.blog.joachim-buchholz.de\/?p=1819#respond\">0 <i class=\"feather-icon-speech-bubble\"><\/i><\/a><\/div><div class=\"summary-date\"><i class=\"feather-icon-clock\"><\/i> 12. August 2011<\/div><\/div><\/div><\/div><\/div><div class=\"clearfix\"><\/div><div class=\"blog-timeline-month-wrap\"><div class=\"blog-timeline-month\">Juli 2011<\/div><\/div><div class=\"blog-grid-element animation-standby animated fadeInUp blog-grid-element-left gridblock-element gridblock-col-2\"><div class=\"blog-grid-element-inner timeline-format-standard\"><a class=\"grid-blank-element  gridblock-image-link gridblock-columns\" title=\"Albstadt Bike Marathon 2011\" href=\"http:\/\/www.blog.joachim-buchholz.de\/?p=1776\" ><span class=\"grid-icon-status\"><i class=\"feather-icon-paper fa-2x\"><\/i><\/span><div class=\"gridblock-blank-element\"><img decoding=\"async\" src=\"http:\/\/www.blog.joachim-buchholz.de\/wp-content\/themes\/kinetika\/images\/icons\/blank-grid.png\" alt=\"blank\" \/><\/div><\/a><div class=\"blog-grid-element-content\"><div class=\"work-details\"><h4><a href=\"http:\/\/www.blog.joachim-buchholz.de\/?p=1776\" rel=\"bookmark\" title=\"Albstadt Bike Marathon 2011\">Albstadt Bike Marathon 2011<\/a><\/h4><div class=\"entry-content work-description\">Ich konnte leider nicht teilnehmen \ud83d\ude41 Aber ein paar Fotos gibt es: &nbsp; &nbsp;...<\/div><\/div><div class=\"summary-info\"><div class=\"summary-comment\"><a href=\"http:\/\/www.blog.joachim-buchholz.de\/?p=1776#respond\">0 <i class=\"feather-icon-speech-bubble\"><\/i><\/a><\/div><div class=\"summary-date\"><i class=\"feather-icon-clock\"><\/i> 10. Juli 2011<\/div><\/div><\/div><\/div><\/div><div class=\"clearfix\"><\/div><div class=\"blog-timeline-month-wrap\"><div class=\"blog-timeline-month\">Juni 2011<\/div><\/div><div class=\"blog-grid-element animation-standby animated fadeInUp blog-grid-element-left gridblock-element gridblock-col-1\"><div class=\"blog-grid-element-inner timeline-format-standard\"><a class=\"grid-blank-element  gridblock-image-link gridblock-columns\" title=\"Gonso MTB Classic 2011\" href=\"http:\/\/www.blog.joachim-buchholz.de\/?p=1755\" ><span class=\"grid-icon-status\"><i class=\"feather-icon-paper fa-2x\"><\/i><\/span><div class=\"gridblock-blank-element\"><img decoding=\"async\" src=\"http:\/\/www.blog.joachim-buchholz.de\/wp-content\/themes\/kinetika\/images\/icons\/blank-grid.png\" alt=\"blank\" \/><\/div><\/a><div class=\"blog-grid-element-content\"><div class=\"work-details\"><h4><a href=\"http:\/\/www.blog.joachim-buchholz.de\/?p=1755\" rel=\"bookmark\" title=\"Gonso MTB Classic 2011\">Gonso MTB Classic 2011<\/a><\/h4><div class=\"entry-content work-description\">Vom MTB- Event Veringendorf gab es keine Fotos.\u00a0 Aber nun eins vom Gonso- Marathon:...<\/div><\/div><div class=\"summary-info\"><div class=\"summary-comment\"><a href=\"http:\/\/www.blog.joachim-buchholz.de\/?p=1755#respond\">0 <i class=\"feather-icon-speech-bubble\"><\/i><\/a><\/div><div class=\"summary-date\"><i class=\"feather-icon-clock\"><\/i> 8. Juni 2011<\/div><\/div><\/div><\/div><\/div><div class=\"blog-grid-element animation-standby animated fadeInUp blog-grid-element-right gridblock-element gridblock-col-2\"><div class=\"blog-grid-element-inner timeline-format-standard\"><a class=\"grid-blank-element  gridblock-image-link gridblock-columns\" title=\"DM XC Gonso Albstadt 2011\" href=\"http:\/\/www.blog.joachim-buchholz.de\/?p=1732\" ><span class=\"grid-icon-status\"><i class=\"feather-icon-paper fa-2x\"><\/i><\/span><div class=\"gridblock-blank-element\"><img decoding=\"async\" src=\"http:\/\/www.blog.joachim-buchholz.de\/wp-content\/themes\/kinetika\/images\/icons\/blank-grid.png\" alt=\"blank\" \/><\/div><\/a><div class=\"blog-grid-element-content\"><div class=\"work-details\"><h4><a href=\"http:\/\/www.blog.joachim-buchholz.de\/?p=1732\" rel=\"bookmark\" title=\"DM XC Gonso Albstadt 2011\">DM XC Gonso Albstadt 2011<\/a><\/h4><div class=\"entry-content work-description\">Hier die Erstplazierten: weitere Fotos gibt es hier: www.joachim-buchholz.de\/Fotos\/Gonso &#8211;<\/div><\/div><div class=\"summary-info\"><div class=\"summary-comment\"><a href=\"http:\/\/www.blog.joachim-buchholz.de\/?p=1732#respond\">0 <i class=\"feather-icon-speech-bubble\"><\/i><\/a><\/div><div class=\"summary-date\"><i class=\"feather-icon-clock\"><\/i> 8. Juni 2011<\/div><\/div><\/div><\/div><\/div><div class=\"clearfix\"><\/div><div class=\"blog-timeline-month-wrap\"><div class=\"blog-timeline-month\">April 2011<\/div><\/div><div class=\"blog-grid-element animation-standby animated fadeInUp blog-grid-element-left gridblock-element gridblock-col-1\"><div class=\"blog-grid-element-inner timeline-format-standard\"><a class=\"grid-blank-element  gridblock-image-link gridblock-columns\" title=\"Bundesliga MTB M\u00fcnsingen 2011 H\" href=\"http:\/\/www.blog.joachim-buchholz.de\/?p=1665\" ><span class=\"grid-icon-status\"><i class=\"feather-icon-paper fa-2x\"><\/i><\/span><div class=\"gridblock-blank-element\"><img decoding=\"async\" src=\"http:\/\/www.blog.joachim-buchholz.de\/wp-content\/themes\/kinetika\/images\/icons\/blank-grid.png\" alt=\"blank\" \/><\/div><\/a><div class=\"blog-grid-element-content\"><div class=\"work-details\"><h4><a href=\"http:\/\/www.blog.joachim-buchholz.de\/?p=1665\" rel=\"bookmark\" title=\"Bundesliga MTB M\u00fcnsingen 2011 H\">Bundesliga MTB M\u00fcnsingen 2011 H<\/a><\/h4><div class=\"entry-content work-description\">Ergebnisse der Erstplazierten Elite Herren: 1. Fontana Marco Aurelio, I-Fiorenzuol. Cannondale Factory Racing 1:26.13...<\/div><\/div><div class=\"summary-info\"><div class=\"summary-comment\"><a href=\"http:\/\/www.blog.joachim-buchholz.de\/?p=1665#respond\">0 <i class=\"feather-icon-speech-bubble\"><\/i><\/a><\/div><div class=\"summary-date\"><i class=\"feather-icon-clock\"><\/i> 18. April 2011<\/div><\/div><\/div><\/div><\/div><div class=\"blog-grid-element animation-standby animated fadeInUp blog-grid-element-right gridblock-element gridblock-col-2\"><div class=\"blog-grid-element-inner timeline-format-standard\"><a class=\"grid-blank-element  gridblock-image-link gridblock-columns\" title=\"Bundesliga MTB M\u00fcnsingen 2011 D\" href=\"http:\/\/www.blog.joachim-buchholz.de\/?p=1655\" ><span class=\"grid-icon-status\"><i class=\"feather-icon-paper fa-2x\"><\/i><\/span><div class=\"gridblock-blank-element\"><img decoding=\"async\" src=\"http:\/\/www.blog.joachim-buchholz.de\/wp-content\/themes\/kinetika\/images\/icons\/blank-grid.png\" alt=\"blank\" \/><\/div><\/a><div class=\"blog-grid-element-content\"><div class=\"work-details\"><h4><a href=\"http:\/\/www.blog.joachim-buchholz.de\/?p=1655\" rel=\"bookmark\" title=\"Bundesliga MTB M\u00fcnsingen 2011 D\">Bundesliga MTB M\u00fcnsingen 2011 D<\/a><\/h4><div class=\"entry-content work-description\">Erstplazierung Elite Damen:\r\n1. Brandau Elisabeth, Sch\u00f6naich. Central Haibike Pro Team 1:26.28 (34)\r\n2. Langvad Annika,...<\/div><\/div><div class=\"summary-info\"><div class=\"summary-comment\"><a href=\"http:\/\/www.blog.joachim-buchholz.de\/?p=1655#respond\">0 <i class=\"feather-icon-speech-bubble\"><\/i><\/a><\/div><div class=\"summary-date\"><i class=\"feather-icon-clock\"><\/i> 17. April 2011<\/div><\/div><\/div><\/div><\/div><div class=\"clearfix\"><\/div><div class=\"blog-timeline-month-wrap\"><div class=\"blog-timeline-month\">M\u00e4rz 2011<\/div><\/div><div class=\"blog-grid-element animation-standby animated fadeInUp blog-grid-element-left gridblock-element gridblock-col-1\"><div class=\"blog-grid-element-inner timeline-format-standard\"><a class=\"grid-blank-element  gridblock-image-link gridblock-columns\" title=\"Mein neues: Cube Agree GTC SL\" href=\"http:\/\/www.blog.joachim-buchholz.de\/?p=1585\" ><span class=\"grid-icon-status\"><i class=\"feather-icon-paper fa-2x\"><\/i><\/span><div class=\"gridblock-blank-element\"><img decoding=\"async\" src=\"http:\/\/www.blog.joachim-buchholz.de\/wp-content\/themes\/kinetika\/images\/icons\/blank-grid.png\" alt=\"blank\" \/><\/div><\/a><div class=\"blog-grid-element-content\"><div class=\"work-details\"><h4><a href=\"http:\/\/www.blog.joachim-buchholz.de\/?p=1585\" rel=\"bookmark\" title=\"Mein neues: Cube Agree GTC SL\">Mein neues: Cube Agree GTC SL<\/a><\/h4><div class=\"entry-content work-description\">Hightech meets Design: das Agree GTC SL stellt in jeder Hinsicht\r\nh\u00f6chste Anspr\u00fcche und ist...<\/div><\/div><div class=\"summary-info\"><div class=\"summary-comment\"><a href=\"http:\/\/www.blog.joachim-buchholz.de\/?p=1585#respond\">0 <i class=\"feather-icon-speech-bubble\"><\/i><\/a><\/div><div class=\"summary-date\"><i class=\"feather-icon-clock\"><\/i> 30. M\u00e4rz 2011<\/div><\/div><\/div><\/div><\/div><div class=\"blog-grid-element animation-standby animated fadeInUp blog-grid-element-right gridblock-element gridblock-col-2\"><div class=\"blog-grid-element-inner timeline-format-standard\"><a class=\"grid-blank-element  gridblock-image-link gridblock-columns\" title=\"Weiteres Cube in der Familie\" href=\"http:\/\/www.blog.joachim-buchholz.de\/?p=1578\" ><span class=\"grid-icon-status\"><i class=\"feather-icon-paper fa-2x\"><\/i><\/span><div class=\"gridblock-blank-element\"><img decoding=\"async\" src=\"http:\/\/www.blog.joachim-buchholz.de\/wp-content\/themes\/kinetika\/images\/icons\/blank-grid.png\" alt=\"blank\" \/><\/div><\/a><div class=\"blog-grid-element-content\"><div class=\"work-details\"><h4><a href=\"http:\/\/www.blog.joachim-buchholz.de\/?p=1578\" rel=\"bookmark\" title=\"Weiteres Cube in der Familie\">Weiteres Cube in der Familie<\/a><\/h4><div class=\"entry-content work-description\">F\u00fcr die Kleine&#8230;<\/div><\/div><div class=\"summary-info\"><div class=\"summary-comment\"><a href=\"http:\/\/www.blog.joachim-buchholz.de\/?p=1578#respond\">0 <i class=\"feather-icon-speech-bubble\"><\/i><\/a><\/div><div class=\"summary-date\"><i class=\"feather-icon-clock\"><\/i> 4. M\u00e4rz 2011<\/div><\/div><\/div><\/div><\/div><div class=\"clearfix\"><\/div><div class=\"blog-timeline-month-wrap\"><div class=\"blog-timeline-month\">Januar 2011<\/div><\/div><div class=\"blog-grid-element animation-standby animated fadeInUp blog-grid-element-left gridblock-element gridblock-col-1\"><div class=\"blog-grid-element-inner timeline-format-standard\"><a class=\"grid-blank-element  gridblock-image-link gridblock-columns\" title=\"Fahrleistung 2010\" href=\"http:\/\/www.blog.joachim-buchholz.de\/?p=1547\" ><span class=\"grid-icon-status\"><i class=\"feather-icon-paper fa-2x\"><\/i><\/span><div class=\"gridblock-blank-element\"><img decoding=\"async\" src=\"http:\/\/www.blog.joachim-buchholz.de\/wp-content\/themes\/kinetika\/images\/icons\/blank-grid.png\" alt=\"blank\" \/><\/div><\/a><div class=\"blog-grid-element-content\"><div class=\"work-details\"><h4><a href=\"http:\/\/www.blog.joachim-buchholz.de\/?p=1547\" rel=\"bookmark\" title=\"Fahrleistung 2010\">Fahrleistung 2010<\/a><\/h4><div class=\"entry-content work-description\">Fahrleistung 2010<\/div><\/div><div class=\"summary-info\"><div class=\"summary-comment\"><a href=\"http:\/\/www.blog.joachim-buchholz.de\/?p=1547#respond\">0 <i class=\"feather-icon-speech-bubble\"><\/i><\/a><\/div><div class=\"summary-date\"><i class=\"feather-icon-clock\"><\/i> 5. Januar 2011<\/div><\/div><\/div><\/div><\/div><div class=\"clearfix\"><\/div><div class=\"blog-timeline-month-wrap\"><div class=\"blog-timeline-month\">November 2010<\/div><\/div><div class=\"blog-grid-element animation-standby animated fadeInUp blog-grid-element-left gridblock-element gridblock-col-2\"><div class=\"blog-grid-element-inner timeline-format-standard\"><a class=\"grid-blank-element  gridblock-image-link gridblock-columns\" title=\"Wintersport opening 2010\" href=\"http:\/\/www.blog.joachim-buchholz.de\/?p=1538\" ><span class=\"grid-icon-status\"><i class=\"feather-icon-paper fa-2x\"><\/i><\/span><div class=\"gridblock-blank-element\"><img decoding=\"async\" src=\"http:\/\/www.blog.joachim-buchholz.de\/wp-content\/themes\/kinetika\/images\/icons\/blank-grid.png\" alt=\"blank\" \/><\/div><\/a><div class=\"blog-grid-element-content\"><div class=\"work-details\"><h4><a href=\"http:\/\/www.blog.joachim-buchholz.de\/?p=1538\" rel=\"bookmark\" title=\"Wintersport opening 2010\">Wintersport opening 2010<\/a><\/h4><div class=\"entry-content work-description\">Ein paar Fotos von meiner ersten Tour bei -4\u00b0C.<\/div><\/div><div class=\"summary-info\"><div class=\"summary-comment\"><a href=\"http:\/\/www.blog.joachim-buchholz.de\/?p=1538#respond\">0 <i class=\"feather-icon-speech-bubble\"><\/i><\/a><\/div><div class=\"summary-date\"><i class=\"feather-icon-clock\"><\/i> 28. November 2010<\/div><\/div><\/div><\/div><\/div><div class=\"clearfix\"><\/div><div class=\"blog-timeline-month-wrap\"><div class=\"blog-timeline-month\">Oktober 2010<\/div><\/div><div class=\"blog-grid-element animation-standby animated fadeInUp blog-grid-element-left gridblock-element gridblock-col-1\"><div class=\"blog-grid-element-inner timeline-format-standard\"><a class=\"grid-blank-element  gridblock-image-link gridblock-columns\" title=\"Zugspitz &#8222;Bike&#8220; Arena\" href=\"http:\/\/www.blog.joachim-buchholz.de\/?p=1507\" ><span class=\"grid-icon-status\"><i class=\"feather-icon-paper fa-2x\"><\/i><\/span><div class=\"gridblock-blank-element\"><img decoding=\"async\" src=\"http:\/\/www.blog.joachim-buchholz.de\/wp-content\/themes\/kinetika\/images\/icons\/blank-grid.png\" alt=\"blank\" \/><\/div><\/a><div class=\"blog-grid-element-content\"><div class=\"work-details\"><h4><a href=\"http:\/\/www.blog.joachim-buchholz.de\/?p=1507\" rel=\"bookmark\" title=\"Zugspitz &#8222;Bike&#8220; Arena\">Zugspitz &#8222;Bike&#8220; Arena<\/a><\/h4><div class=\"entry-content work-description\">Die Tiroler Zugspitz Arena liegt auf einem weiten, sonnendurchfluteten Hochplateau, umgeben von vier imposanten...<\/div><\/div><div class=\"summary-info\"><div class=\"summary-comment\"><a href=\"http:\/\/www.blog.joachim-buchholz.de\/?p=1507#respond\">0 <i class=\"feather-icon-speech-bubble\"><\/i><\/a><\/div><div class=\"summary-date\"><i class=\"feather-icon-clock\"><\/i> 12. Oktober 2010<\/div><\/div><\/div><\/div><\/div><div class=\"blog-grid-element animation-standby animated fadeInUp blog-grid-element-right gridblock-element gridblock-col-2\"><div class=\"blog-grid-element-inner timeline-format-standard\"><a class=\"grid-blank-element  gridblock-image-link gridblock-columns\" title=\"Zugspitz Arena Tirol\" href=\"http:\/\/www.blog.joachim-buchholz.de\/?p=1496\" ><span class=\"grid-icon-status\"><i class=\"feather-icon-paper fa-2x\"><\/i><\/span><div class=\"gridblock-blank-element\"><img decoding=\"async\" src=\"http:\/\/www.blog.joachim-buchholz.de\/wp-content\/themes\/kinetika\/images\/icons\/blank-grid.png\" alt=\"blank\" \/><\/div><\/a><div class=\"blog-grid-element-content\"><div class=\"work-details\"><h4><a href=\"http:\/\/www.blog.joachim-buchholz.de\/?p=1496\" rel=\"bookmark\" title=\"Zugspitz Arena Tirol\">Zugspitz Arena Tirol<\/a><\/h4><div class=\"entry-content work-description\">Cube Hotel\r\n\r\nBIBERWIER-LERMOOS liegt im Langes Resort in der Zugspitz Arena in Tirol,\r\n\r\neine der sch\u00f6nsten...<\/div><\/div><div class=\"summary-info\"><div class=\"summary-comment\"><a href=\"http:\/\/www.blog.joachim-buchholz.de\/?p=1496#respond\">0 <i class=\"feather-icon-speech-bubble\"><\/i><\/a><\/div><div class=\"summary-date\"><i class=\"feather-icon-clock\"><\/i> 12. Oktober 2010<\/div><\/div><\/div><\/div><\/div><div class=\"blog-grid-element animation-standby animated fadeInUp blog-grid-element-left gridblock-element gridblock-col-1\"><div class=\"blog-grid-element-inner timeline-format-standard\"><a class=\"grid-blank-element  gridblock-image-link gridblock-columns\" title=\"14. Alb-Gold Trophy Trochtelfingen\" href=\"http:\/\/www.blog.joachim-buchholz.de\/?p=1485\" ><span class=\"grid-icon-status\"><i class=\"feather-icon-paper fa-2x\"><\/i><\/span><div class=\"gridblock-blank-element\"><img decoding=\"async\" src=\"http:\/\/www.blog.joachim-buchholz.de\/wp-content\/themes\/kinetika\/images\/icons\/blank-grid.png\" alt=\"blank\" \/><\/div><\/a><div class=\"blog-grid-element-content\"><div class=\"work-details\"><h4><a href=\"http:\/\/www.blog.joachim-buchholz.de\/?p=1485\" rel=\"bookmark\" title=\"14. Alb-Gold Trophy Trochtelfingen\">14. Alb-Gold Trophy Trochtelfingen<\/a><\/h4><div class=\"entry-content work-description\">Veranstaltung:\t14. ALB-GOLD Trophy, 03.10.2010, Trochtelfingen\r\n<\/div><\/div><div class=\"summary-info\"><div class=\"summary-comment\"><a href=\"http:\/\/www.blog.joachim-buchholz.de\/?p=1485#respond\">0 <i class=\"feather-icon-speech-bubble\"><\/i><\/a><\/div><div class=\"summary-date\"><i class=\"feather-icon-clock\"><\/i> 6. Oktober 2010<\/div><\/div><\/div><\/div><\/div><div class=\"clearfix\"><\/div><div class=\"blog-timeline-month-wrap\"><div class=\"blog-timeline-month\">September 2010<\/div><\/div><div class=\"blog-grid-element animation-standby animated fadeInUp blog-grid-element-left gridblock-element gridblock-col-2\"><div class=\"blog-grid-element-inner timeline-format-standard\"><a class=\"grid-blank-element  gridblock-image-link gridblock-columns\" title=\"1. Trans Zollernalb 2010 (2)\" href=\"http:\/\/www.blog.joachim-buchholz.de\/?p=1452\" ><span class=\"grid-icon-status\"><i class=\"feather-icon-paper fa-2x\"><\/i><\/span><div class=\"gridblock-blank-element\"><img decoding=\"async\" src=\"http:\/\/www.blog.joachim-buchholz.de\/wp-content\/themes\/kinetika\/images\/icons\/blank-grid.png\" alt=\"blank\" \/><\/div><\/a><div class=\"blog-grid-element-content\"><div class=\"work-details\"><h4><a href=\"http:\/\/www.blog.joachim-buchholz.de\/?p=1452\" rel=\"bookmark\" title=\"1. Trans Zollernalb 2010 (2)\">1. Trans Zollernalb 2010 (2)<\/a><\/h4><div class=\"entry-content work-description\">1. Trans Zollernalb 2010 (2)<\/div><\/div><div class=\"summary-info\"><div class=\"summary-comment\"><a href=\"http:\/\/www.blog.joachim-buchholz.de\/?p=1452#respond\">0 <i class=\"feather-icon-speech-bubble\"><\/i><\/a><\/div><div class=\"summary-date\"><i class=\"feather-icon-clock\"><\/i> 20. September 2010<\/div><\/div><\/div><\/div><\/div><div class=\"blog-grid-element animation-standby animated fadeInUp blog-grid-element-right gridblock-element gridblock-col-1\"><div class=\"blog-grid-element-inner timeline-format-standard\"><a class=\"grid-blank-element  gridblock-image-link gridblock-columns\" title=\"1. Trans Zollernalb 2010\" href=\"http:\/\/www.blog.joachim-buchholz.de\/?p=1434\" ><span class=\"grid-icon-status\"><i class=\"feather-icon-paper fa-2x\"><\/i><\/span><div class=\"gridblock-blank-element\"><img decoding=\"async\" src=\"http:\/\/www.blog.joachim-buchholz.de\/wp-content\/themes\/kinetika\/images\/icons\/blank-grid.png\" alt=\"blank\" \/><\/div><\/a><div class=\"blog-grid-element-content\"><div class=\"work-details\"><h4><a href=\"http:\/\/www.blog.joachim-buchholz.de\/?p=1434\" rel=\"bookmark\" title=\"1. Trans Zollernalb 2010\">1. Trans Zollernalb 2010<\/a><\/h4><div class=\"entry-content work-description\">Hier die erstplatzierten nach der 3. Etappe:\r\n\r\nHannes Genze (8, Gelbes Trikot), Kevin van Hoovels...<\/div><\/div><div class=\"summary-info\"><div class=\"summary-comment\"><a href=\"http:\/\/www.blog.joachim-buchholz.de\/?p=1434#respond\">0 <i class=\"feather-icon-speech-bubble\"><\/i><\/a><\/div><div class=\"summary-date\"><i class=\"feather-icon-clock\"><\/i> 20. September 2010<\/div><\/div><\/div><\/div><\/div><div class=\"blog-grid-element animation-standby animated fadeInUp blog-grid-element-left gridblock-element gridblock-col-2\"><div class=\"blog-grid-element-inner timeline-format-standard\"><a class=\"grid-blank-element  gridblock-image-link gridblock-columns\" title=\"17. Radtouristik Schlatt\" href=\"http:\/\/www.blog.joachim-buchholz.de\/?p=1369\" ><span class=\"grid-icon-status\"><i class=\"feather-icon-paper fa-2x\"><\/i><\/span><div class=\"gridblock-blank-element\"><img decoding=\"async\" src=\"http:\/\/www.blog.joachim-buchholz.de\/wp-content\/themes\/kinetika\/images\/icons\/blank-grid.png\" alt=\"blank\" \/><\/div><\/a><div class=\"blog-grid-element-content\"><div class=\"work-details\"><h4><a href=\"http:\/\/www.blog.joachim-buchholz.de\/?p=1369\" rel=\"bookmark\" title=\"17. Radtouristik Schlatt\">17. Radtouristik Schlatt<\/a><\/h4><div class=\"entry-content work-description\">Bereits schon zum 17. Mal veranstaltet der Skicub-Schlatt die Radtouristik.\r\nTour A mit 100 km...<\/div><\/div><div class=\"summary-info\"><div class=\"summary-comment\"><a href=\"http:\/\/www.blog.joachim-buchholz.de\/?p=1369#respond\">0 <i class=\"feather-icon-speech-bubble\"><\/i><\/a><\/div><div class=\"summary-date\"><i class=\"feather-icon-clock\"><\/i> 13. September 2010<\/div><\/div><\/div><\/div><\/div><div class=\"clearfix\"><\/div><div class=\"blog-timeline-month-wrap\"><div class=\"blog-timeline-month\">August 2010<\/div><\/div><div class=\"blog-grid-element animation-standby animated fadeInUp blog-grid-element-left gridblock-element gridblock-col-1\"><div class=\"blog-grid-element-inner timeline-format-standard\"><a class=\"grid-blank-element  gridblock-image-link gridblock-columns\" title=\"Schruns 2010..\" href=\"http:\/\/www.blog.joachim-buchholz.de\/?p=962\" ><span class=\"grid-icon-status\"><i class=\"feather-icon-paper fa-2x\"><\/i><\/span><div class=\"gridblock-blank-element\"><img decoding=\"async\" src=\"http:\/\/www.blog.joachim-buchholz.de\/wp-content\/themes\/kinetika\/images\/icons\/blank-grid.png\" alt=\"blank\" \/><\/div><\/a><div class=\"blog-grid-element-content\"><div class=\"work-details\"><h4><a href=\"http:\/\/www.blog.joachim-buchholz.de\/?p=962\" rel=\"bookmark\" title=\"Schruns 2010..\">Schruns 2010..<\/a><\/h4><div class=\"entry-content work-description\">Schruns im Juni 2010:\r\nNeuschnee auf 1400 m<\/div><\/div><div class=\"summary-info\"><div class=\"summary-comment\"><a href=\"http:\/\/www.blog.joachim-buchholz.de\/?p=962#respond\">0 <i class=\"feather-icon-speech-bubble\"><\/i><\/a><\/div><div class=\"summary-date\"><i class=\"feather-icon-clock\"><\/i> 31. August 2010<\/div><\/div><\/div><\/div><\/div><div class=\"blog-grid-element animation-standby animated fadeInUp blog-grid-element-right gridblock-element gridblock-col-2\"><div class=\"blog-grid-element-inner timeline-format-standard\"><a class=\"grid-blank-element  gridblock-image-link gridblock-columns\" title=\"Frauen Etappenrennen Albstadt 2010\" href=\"http:\/\/www.blog.joachim-buchholz.de\/?p=680\" ><span class=\"grid-icon-status\"><i class=\"feather-icon-paper fa-2x\"><\/i><\/span><div class=\"gridblock-blank-element\"><img decoding=\"async\" src=\"http:\/\/www.blog.joachim-buchholz.de\/wp-content\/themes\/kinetika\/images\/icons\/blank-grid.png\" alt=\"blank\" \/><\/div><\/a><div class=\"blog-grid-element-content\"><div class=\"work-details\"><h4><a href=\"http:\/\/www.blog.joachim-buchholz.de\/?p=680\" rel=\"bookmark\" title=\"Frauen Etappenrennen Albstadt 2010\">Frauen Etappenrennen Albstadt 2010<\/a><\/h4><div class=\"entry-content work-description\">Pohl Stephanie (gelb), Kupfernagel Hanka (blau) und Mountainbike- Star Mona Eiberweiser...<\/div><\/div><div class=\"summary-info\"><div class=\"summary-comment\"><a href=\"http:\/\/www.blog.joachim-buchholz.de\/?p=680#respond\">0 <i class=\"feather-icon-speech-bubble\"><\/i><\/a><\/div><div class=\"summary-date\"><i class=\"feather-icon-clock\"><\/i> 21. August 2010<\/div><\/div><\/div><\/div><\/div><div class=\"blog-grid-element animation-standby animated fadeInUp blog-grid-element-left gridblock-element gridblock-col-1\"><div class=\"blog-grid-element-inner timeline-format-standard\"><a class=\"grid-blank-element  gridblock-image-link gridblock-columns\" title=\"&#8222;the two way race No. 2&#8220;\" href=\"http:\/\/www.blog.joachim-buchholz.de\/?p=674\" ><span class=\"grid-icon-status\"><i class=\"feather-icon-paper fa-2x\"><\/i><\/span><div class=\"gridblock-blank-element\"><img decoding=\"async\" src=\"http:\/\/www.blog.joachim-buchholz.de\/wp-content\/themes\/kinetika\/images\/icons\/blank-grid.png\" alt=\"blank\" \/><\/div><\/a><div class=\"blog-grid-element-content\"><div class=\"work-details\"><h4><a href=\"http:\/\/www.blog.joachim-buchholz.de\/?p=674\" rel=\"bookmark\" title=\"&#8222;the two way race No. 2&#8220;\">&#8222;the two way race No. 2&#8220;<\/a><\/h4><div class=\"entry-content work-description\">Hier ein paar Fotos vom Rennen am 15.8.2010: http:\/\/www.joachim-buchholz.de\/Bike_Park_Albstadt_2010\/ Hier der Blog des Veranstalters:...<\/div><\/div><div class=\"summary-info\"><div class=\"summary-comment\"><a href=\"http:\/\/www.blog.joachim-buchholz.de\/?p=674#respond\">0 <i class=\"feather-icon-speech-bubble\"><\/i><\/a><\/div><div class=\"summary-date\"><i class=\"feather-icon-clock\"><\/i> 18. August 2010<\/div><\/div><\/div><\/div><\/div><div class=\"clearfix\"><\/div><div class=\"blog-timeline-month-wrap\"><div class=\"blog-timeline-month\">Juli 2010<\/div><\/div><div class=\"blog-grid-element animation-standby animated fadeInUp blog-grid-element-left gridblock-element gridblock-col-2\"><div class=\"blog-grid-element-inner timeline-format-standard\"><a class=\"grid-blank-element  gridblock-image-link gridblock-columns\" title=\"Albstadt Bike Marathon 2010\" href=\"http:\/\/www.blog.joachim-buchholz.de\/?p=649\" ><span class=\"grid-icon-status\"><i class=\"feather-icon-paper fa-2x\"><\/i><\/span><div class=\"gridblock-blank-element\"><img decoding=\"async\" src=\"http:\/\/www.blog.joachim-buchholz.de\/wp-content\/themes\/kinetika\/images\/icons\/blank-grid.png\" alt=\"blank\" \/><\/div><\/a><div class=\"blog-grid-element-content\"><div class=\"work-details\"><h4><a href=\"http:\/\/www.blog.joachim-buchholz.de\/?p=649\" rel=\"bookmark\" title=\"Albstadt Bike Marathon 2010\">Albstadt Bike Marathon 2010<\/a><\/h4><div class=\"entry-content work-description\">Mann, war das hei\u00df&#8230; Es war sehr trocken und staubig: Trotz Krampf; Zieleinfahrt:<\/div><\/div><div class=\"summary-info\"><div class=\"summary-comment\"><a href=\"http:\/\/www.blog.joachim-buchholz.de\/?p=649#respond\">0 <i class=\"feather-icon-speech-bubble\"><\/i><\/a><\/div><div class=\"summary-date\"><i class=\"feather-icon-clock\"><\/i> 14. Juli 2010<\/div><\/div><\/div><\/div><\/div><div class=\"blog-grid-element animation-standby animated fadeInUp blog-grid-element-right gridblock-element gridblock-col-1\"><div class=\"blog-grid-element-inner timeline-format-standard\"><a class=\"grid-blank-element  gridblock-image-link gridblock-columns\" title=\"City- Sprint Albstadt 2010\" href=\"http:\/\/www.blog.joachim-buchholz.de\/?p=643\" ><span class=\"grid-icon-status\"><i class=\"feather-icon-paper fa-2x\"><\/i><\/span><div class=\"gridblock-blank-element\"><img decoding=\"async\" src=\"http:\/\/www.blog.joachim-buchholz.de\/wp-content\/themes\/kinetika\/images\/icons\/blank-grid.png\" alt=\"blank\" \/><\/div><\/a><div class=\"blog-grid-element-content\"><div class=\"work-details\"><h4><a href=\"http:\/\/www.blog.joachim-buchholz.de\/?p=643\" rel=\"bookmark\" title=\"City- Sprint Albstadt 2010\">City- Sprint Albstadt 2010<\/a><\/h4><div class=\"entry-content work-description\">City- Sprint Albstadt 2010<\/div><\/div><div class=\"summary-info\"><div class=\"summary-comment\"><a href=\"http:\/\/www.blog.joachim-buchholz.de\/?p=643#respond\">0 <i class=\"feather-icon-speech-bubble\"><\/i><\/a><\/div><div class=\"summary-date\"><i class=\"feather-icon-clock\"><\/i> 13. Juli 2010<\/div><\/div><\/div><\/div><\/div><div class=\"clearfix\"><\/div><div class=\"blog-timeline-month-wrap\"><div class=\"blog-timeline-month\">Juni 2010<\/div><\/div><div class=\"blog-grid-element animation-standby animated fadeInUp blog-grid-element-left gridblock-element gridblock-col-2\"><div class=\"blog-grid-element-inner timeline-format-standard\"><a class=\"grid-blank-element  gridblock-image-link gridblock-columns\" title=\"Gonso MTB Classic 2010 Albstadt\" href=\"http:\/\/www.blog.joachim-buchholz.de\/?p=628\" ><span class=\"grid-icon-status\"><i class=\"feather-icon-paper fa-2x\"><\/i><\/span><div class=\"gridblock-blank-element\"><img decoding=\"async\" src=\"http:\/\/www.blog.joachim-buchholz.de\/wp-content\/themes\/kinetika\/images\/icons\/blank-grid.png\" alt=\"blank\" \/><\/div><\/a><div class=\"blog-grid-element-content\"><div class=\"work-details\"><h4><a href=\"http:\/\/www.blog.joachim-buchholz.de\/?p=628\" rel=\"bookmark\" title=\"Gonso MTB Classic 2010 Albstadt\">Gonso MTB Classic 2010 Albstadt<\/a><\/h4><div class=\"entry-content work-description\">HOBBY-Kurz-Marathon. 46 km, 1:56<\/div><\/div><div class=\"summary-info\"><div class=\"summary-comment\"><a href=\"http:\/\/www.blog.joachim-buchholz.de\/?p=628#respond\">0 <i class=\"feather-icon-speech-bubble\"><\/i><\/a><\/div><div class=\"summary-date\"><i class=\"feather-icon-clock\"><\/i> 15. Juni 2010<\/div><\/div><\/div><\/div><\/div><div class=\"blog-grid-element animation-standby animated fadeInUp blog-grid-element-right gridblock-element gridblock-col-1\"><div class=\"blog-grid-element-inner timeline-format-standard\"><a class=\"grid-blank-element  gridblock-image-link gridblock-columns\" title=\"CC Bundesliga Albstadt 2010\" href=\"http:\/\/www.blog.joachim-buchholz.de\/?p=620\" ><span class=\"grid-icon-status\"><i class=\"feather-icon-paper fa-2x\"><\/i><\/span><div class=\"gridblock-blank-element\"><img decoding=\"async\" src=\"http:\/\/www.blog.joachim-buchholz.de\/wp-content\/themes\/kinetika\/images\/icons\/blank-grid.png\" alt=\"blank\" \/><\/div><\/a><div class=\"blog-grid-element-content\"><div class=\"work-details\"><h4><a href=\"http:\/\/www.blog.joachim-buchholz.de\/?p=620\" rel=\"bookmark\" title=\"CC Bundesliga Albstadt 2010\">CC Bundesliga Albstadt 2010<\/a><\/h4><div class=\"entry-content work-description\">Elite Herren & Damen\r\nSabine Spitz und Moritz Milatz haben das Bundesligarennen in Albstadt gewonnen...<\/div><\/div><div class=\"summary-info\"><div class=\"summary-comment\"><a href=\"http:\/\/www.blog.joachim-buchholz.de\/?p=620#respond\">0 <i class=\"feather-icon-speech-bubble\"><\/i><\/a><\/div><div class=\"summary-date\"><i class=\"feather-icon-clock\"><\/i> 14. Juni 2010<\/div><\/div><\/div><\/div><\/div><div class=\"clearfix\"><\/div><div class=\"blog-timeline-month-wrap\"><div class=\"blog-timeline-month\">Mai 2010<\/div><\/div><div class=\"blog-grid-element animation-standby animated fadeInUp blog-grid-element-left gridblock-element gridblock-col-2\"><div class=\"blog-grid-element-inner timeline-format-standard\"><a class=\"grid-blank-element  gridblock-image-link gridblock-columns\" title=\"MTB- XC- Rennen M\u00fcnsingen 2010\" href=\"http:\/\/www.blog.joachim-buchholz.de\/?p=551\" ><span class=\"grid-icon-status\"><i class=\"feather-icon-paper fa-2x\"><\/i><\/span><div class=\"gridblock-blank-element\"><img decoding=\"async\" src=\"http:\/\/www.blog.joachim-buchholz.de\/wp-content\/themes\/kinetika\/images\/icons\/blank-grid.png\" alt=\"blank\" \/><\/div><\/a><div class=\"blog-grid-element-content\"><div class=\"work-details\"><h4><a href=\"http:\/\/www.blog.joachim-buchholz.de\/?p=551\" rel=\"bookmark\" title=\"MTB- XC- Rennen M\u00fcnsingen 2010\">MTB- XC- Rennen M\u00fcnsingen 2010<\/a><\/h4><div class=\"entry-content work-description\">CC Rennen M\u00fcnsingen<\/div><\/div><div class=\"summary-info\"><div class=\"summary-comment\"><a href=\"http:\/\/www.blog.joachim-buchholz.de\/?p=551#comments\">1 <i class=\"feather-icon-speech-bubble\"><\/i><\/a><\/div><div class=\"summary-date\"><i class=\"feather-icon-clock\"><\/i> 14. Mai 2010<\/div><\/div><\/div><\/div><\/div><div class=\"clearfix\"><\/div><div class=\"blog-timeline-month-wrap\"><div class=\"blog-timeline-month\">April 2010<\/div><\/div><div class=\"blog-grid-element animation-standby animated fadeInUp blog-grid-element-left gridblock-element gridblock-col-1\"><div class=\"blog-grid-element-inner timeline-format-standard\"><a class=\"grid-blank-element  gridblock-image-link gridblock-columns\" title=\"MTB- Event Veringendorf &#038; Tour..?\" href=\"http:\/\/www.blog.joachim-buchholz.de\/?p=523\" ><span class=\"grid-icon-status\"><i class=\"feather-icon-paper fa-2x\"><\/i><\/span><div class=\"gridblock-blank-element\"><img decoding=\"async\" src=\"http:\/\/www.blog.joachim-buchholz.de\/wp-content\/themes\/kinetika\/images\/icons\/blank-grid.png\" alt=\"blank\" \/><\/div><\/a><div class=\"blog-grid-element-content\"><div class=\"work-details\"><h4><a href=\"http:\/\/www.blog.joachim-buchholz.de\/?p=523\" rel=\"bookmark\" title=\"MTB- Event Veringendorf &#038; Tour..?\">MTB- Event Veringendorf &#038; Tour..?<\/a><\/h4><div class=\"entry-content work-description\">MTB- Event Veringenstadt<\/div><\/div><div class=\"summary-info\"><div class=\"summary-comment\"><a href=\"http:\/\/www.blog.joachim-buchholz.de\/?p=523#respond\">0 <i class=\"feather-icon-speech-bubble\"><\/i><\/a><\/div><div class=\"summary-date\"><i class=\"feather-icon-clock\"><\/i> 29. April 2010<\/div><\/div><\/div><\/div><\/div><div class=\"clearfix\"><\/div><div class=\"blog-timeline-month-wrap\"><div class=\"blog-timeline-month\">M\u00e4rz 2010<\/div><\/div><div class=\"blog-grid-element animation-standby animated fadeInUp blog-grid-element-left gridblock-element gridblock-col-2\"><div class=\"blog-grid-element-inner timeline-format-standard\"><a class=\"grid-blank-element  gridblock-image-link gridblock-columns\" title=\"Daten Cube AMS\" href=\"http:\/\/www.blog.joachim-buchholz.de\/?p=492\" ><span class=\"grid-icon-status\"><i class=\"feather-icon-paper fa-2x\"><\/i><\/span><div class=\"gridblock-blank-element\"><img decoding=\"async\" src=\"http:\/\/www.blog.joachim-buchholz.de\/wp-content\/themes\/kinetika\/images\/icons\/blank-grid.png\" alt=\"blank\" \/><\/div><\/a><div class=\"blog-grid-element-content\"><div class=\"work-details\"><h4><a href=\"http:\/\/www.blog.joachim-buchholz.de\/?p=492\" rel=\"bookmark\" title=\"Daten Cube AMS\">Daten Cube AMS<\/a><\/h4><div class=\"entry-content work-description\">AMS Daten:\r\nRahmen: HPA 7005 Hydroform STK Triple Butted, FSP 4-Link-System\r\nGabel: Fox 32 Talas RLC...<\/div><\/div><div class=\"summary-info\"><div class=\"summary-comment\"><a href=\"http:\/\/www.blog.joachim-buchholz.de\/?p=492#comments\">1 <i class=\"feather-icon-speech-bubble\"><\/i><\/a><\/div><div class=\"summary-date\"><i class=\"feather-icon-clock\"><\/i> 25. M\u00e4rz 2010<\/div><\/div><\/div><\/div><\/div><div class=\"clearfix\"><\/div><div class=\"blog-timeline-month-wrap\"><div class=\"blog-timeline-month\">Februar 2010<\/div><\/div><div class=\"blog-grid-element animation-standby animated fadeInUp blog-grid-element-left gridblock-element gridblock-col-1\"><div class=\"blog-grid-element-inner timeline-format-standard\"><a class=\"grid-blank-element  gridblock-image-link gridblock-columns\" title=\"27.02.2010\" href=\"http:\/\/www.blog.joachim-buchholz.de\/?p=408\" ><span class=\"grid-icon-status\"><i class=\"feather-icon-paper fa-2x\"><\/i><\/span><div class=\"gridblock-blank-element\"><img decoding=\"async\" src=\"http:\/\/www.blog.joachim-buchholz.de\/wp-content\/themes\/kinetika\/images\/icons\/blank-grid.png\" alt=\"blank\" \/><\/div><\/a><div class=\"blog-grid-element-content\"><div class=\"work-details\"><h4><a href=\"http:\/\/www.blog.joachim-buchholz.de\/?p=408\" rel=\"bookmark\" title=\"27.02.2010\">27.02.2010<\/a><\/h4><div class=\"entry-content work-description\">AMS 125 neu RP32<\/div><\/div><div class=\"summary-info\"><div class=\"summary-comment\"><a href=\"http:\/\/www.blog.joachim-buchholz.de\/?p=408#respond\">0 <i class=\"feather-icon-speech-bubble\"><\/i><\/a><\/div><div class=\"summary-date\"><i class=\"feather-icon-clock\"><\/i> 27. Februar 2010<\/div><\/div><\/div><\/div><\/div><div class=\"clearfix\"><\/div><div class=\"blog-timeline-month-wrap\"><div class=\"blog-timeline-month\">Januar 2010<\/div><\/div><div class=\"blog-grid-element animation-standby animated fadeInUp blog-grid-element-left gridblock-element gridblock-col-2\"><div class=\"blog-grid-element-inner timeline-format-standard\"><a class=\"grid-blank-element  gridblock-image-link gridblock-columns\" title=\"Welcome 2010&#8230;\" href=\"http:\/\/www.blog.joachim-buchholz.de\/?p=364\" ><span class=\"grid-icon-status\"><i class=\"feather-icon-paper fa-2x\"><\/i><\/span><div class=\"gridblock-blank-element\"><img decoding=\"async\" src=\"http:\/\/www.blog.joachim-buchholz.de\/wp-content\/themes\/kinetika\/images\/icons\/blank-grid.png\" alt=\"blank\" \/><\/div><\/a><div class=\"blog-grid-element-content\"><div class=\"work-details\"><h4><a href=\"http:\/\/www.blog.joachim-buchholz.de\/?p=364\" rel=\"bookmark\" title=\"Welcome 2010&#8230;\">Welcome 2010&#8230;<\/a><\/h4><div class=\"entry-content work-description\">Erste Tour 2010<\/div><\/div><div class=\"summary-info\"><div class=\"summary-comment\"><a href=\"http:\/\/www.blog.joachim-buchholz.de\/?p=364#respond\">0 <i class=\"feather-icon-speech-bubble\"><\/i><\/a><\/div><div class=\"summary-date\"><i class=\"feather-icon-clock\"><\/i> 16. Januar 2010<\/div><\/div><\/div><\/div><\/div><div class=\"clearfix\"><\/div><div class=\"blog-timeline-month-wrap\"><div class=\"blog-timeline-month\">Dezember 2009<\/div><\/div><div class=\"blog-grid-element animation-standby animated fadeInUp blog-grid-element-left gridblock-element gridblock-col-1\"><div class=\"blog-grid-element-inner timeline-format-standard\"><a class=\"grid-blank-element  gridblock-image-link gridblock-columns\" title=\"Winter 2008\" href=\"http:\/\/www.blog.joachim-buchholz.de\/?p=229\" ><span class=\"grid-icon-status\"><i class=\"feather-icon-paper fa-2x\"><\/i><\/span><div class=\"gridblock-blank-element\"><img decoding=\"async\" src=\"http:\/\/www.blog.joachim-buchholz.de\/wp-content\/themes\/kinetika\/images\/icons\/blank-grid.png\" alt=\"blank\" \/><\/div><\/a><div class=\"blog-grid-element-content\"><div class=\"work-details\"><h4><a href=\"http:\/\/www.blog.joachim-buchholz.de\/?p=229\" rel=\"bookmark\" title=\"Winter 2008\">Winter 2008<\/a><\/h4><div class=\"entry-content work-description\">Winter 2008<\/div><\/div><div class=\"summary-info\"><div class=\"summary-comment\"><a href=\"http:\/\/www.blog.joachim-buchholz.de\/?p=229#respond\">0 <i class=\"feather-icon-speech-bubble\"><\/i><\/a><\/div><div class=\"summary-date\"><i class=\"feather-icon-clock\"><\/i> 20. Dezember 2009<\/div><\/div><\/div><\/div><\/div><div class=\"blog-grid-element animation-standby animated fadeInUp blog-grid-element-right gridblock-element gridblock-col-2\"><div class=\"blog-grid-element-inner timeline-format-standard\"><a class=\"grid-blank-element  gridblock-image-link gridblock-columns\" title=\"Winter 2009\" href=\"http:\/\/www.blog.joachim-buchholz.de\/?p=223\" ><span class=\"grid-icon-status\"><i class=\"feather-icon-paper fa-2x\"><\/i><\/span><div class=\"gridblock-blank-element\"><img decoding=\"async\" src=\"http:\/\/www.blog.joachim-buchholz.de\/wp-content\/themes\/kinetika\/images\/icons\/blank-grid.png\" alt=\"blank\" \/><\/div><\/a><div class=\"blog-grid-element-content\"><div class=\"work-details\"><h4><a href=\"http:\/\/www.blog.joachim-buchholz.de\/?p=223\" rel=\"bookmark\" title=\"Winter 2009\">Winter 2009<\/a><\/h4><div class=\"entry-content work-description\">Winter 2009<\/div><\/div><div class=\"summary-info\"><div class=\"summary-comment\"><a href=\"http:\/\/www.blog.joachim-buchholz.de\/?p=223#respond\">0 <i class=\"feather-icon-speech-bubble\"><\/i><\/a><\/div><div class=\"summary-date\"><i class=\"feather-icon-clock\"><\/i> 20. Dezember 2009<\/div><\/div><\/div><\/div><\/div><div class=\"blog-grid-element animation-standby animated fadeInUp blog-grid-element-left gridblock-element gridblock-col-1\"><div class=\"blog-grid-element-inner timeline-format-standard\"><a class=\"grid-blank-element  gridblock-image-link gridblock-columns\" title=\"AMS&#8230;\" href=\"http:\/\/www.blog.joachim-buchholz.de\/?p=214\" ><span class=\"grid-icon-status\"><i class=\"feather-icon-paper fa-2x\"><\/i><\/span><div class=\"gridblock-blank-element\"><img decoding=\"async\" src=\"http:\/\/www.blog.joachim-buchholz.de\/wp-content\/themes\/kinetika\/images\/icons\/blank-grid.png\" alt=\"blank\" \/><\/div><\/a><div class=\"blog-grid-element-content\"><div class=\"work-details\"><h4><a href=\"http:\/\/www.blog.joachim-buchholz.de\/?p=214\" rel=\"bookmark\" title=\"AMS&#8230;\">AMS&#8230;<\/a><\/h4><div class=\"entry-content work-description\">AMS<\/div><\/div><div class=\"summary-info\"><div class=\"summary-comment\"><a href=\"http:\/\/www.blog.joachim-buchholz.de\/?p=214#respond\">0 <i class=\"feather-icon-speech-bubble\"><\/i><\/a><\/div><div class=\"summary-date\"><i class=\"feather-icon-clock\"><\/i> 19. Dezember 2009<\/div><\/div><\/div><\/div><\/div><div class=\"blog-grid-element animation-standby animated fadeInUp blog-grid-element-right gridblock-element gridblock-col-2\"><div class=\"blog-grid-element-inner timeline-format-standard\"><a class=\"grid-blank-element  gridblock-image-link gridblock-columns\" title=\"Tremalzo\" href=\"http:\/\/www.blog.joachim-buchholz.de\/?p=188\" ><span class=\"grid-icon-status\"><i class=\"feather-icon-paper fa-2x\"><\/i><\/span><div class=\"gridblock-blank-element\"><img decoding=\"async\" src=\"http:\/\/www.blog.joachim-buchholz.de\/wp-content\/themes\/kinetika\/images\/icons\/blank-grid.png\" alt=\"blank\" \/><\/div><\/a><div class=\"blog-grid-element-content\"><div class=\"work-details\"><h4><a href=\"http:\/\/www.blog.joachim-buchholz.de\/?p=188\" rel=\"bookmark\" title=\"Tremalzo\">Tremalzo<\/a><\/h4><div class=\"entry-content work-description\">&nbsp; &nbsp; Tremalzorunde &nbsp; &nbsp; &nbsp; \u00a0 &nbsp;<\/div><\/div><div class=\"summary-info\"><div class=\"summary-comment\"><a href=\"http:\/\/www.blog.joachim-buchholz.de\/?p=188#respond\">0 <i class=\"feather-icon-speech-bubble\"><\/i><\/a><\/div><div class=\"summary-date\"><i class=\"feather-icon-clock\"><\/i> 19. Dezember 2009<\/div><\/div><\/div><\/div><\/div><div class=\"blog-grid-element animation-standby animated fadeInUp blog-grid-element-left gridblock-element gridblock-col-1\"><div class=\"blog-grid-element-inner timeline-format-standard\"><a class=\"grid-blank-element  gridblock-image-link gridblock-columns\" title=\"AMS II\" href=\"http:\/\/www.blog.joachim-buchholz.de\/?p=169\" ><span class=\"grid-icon-status\"><i class=\"feather-icon-paper fa-2x\"><\/i><\/span><div class=\"gridblock-blank-element\"><img decoding=\"async\" src=\"http:\/\/www.blog.joachim-buchholz.de\/wp-content\/themes\/kinetika\/images\/icons\/blank-grid.png\" alt=\"blank\" \/><\/div><\/a><div class=\"blog-grid-element-content\"><div class=\"work-details\"><h4><a href=\"http:\/\/www.blog.joachim-buchholz.de\/?p=169\" rel=\"bookmark\" title=\"AMS II\">AMS II<\/a><\/h4><div class=\"entry-content work-description\">AMS 125<\/div><\/div><div class=\"summary-info\"><div class=\"summary-comment\"><a href=\"http:\/\/www.blog.joachim-buchholz.de\/?p=169#respond\">0 <i class=\"feather-icon-speech-bubble\"><\/i><\/a><\/div><div class=\"summary-date\"><i class=\"feather-icon-clock\"><\/i> 19. Dezember 2009<\/div><\/div><\/div><\/div><\/div><div class=\"blog-grid-element animation-standby animated fadeInUp blog-grid-element-right gridblock-element gridblock-col-2\"><div class=\"blog-grid-element-inner timeline-format-standard\"><a class=\"grid-blank-element  gridblock-image-link gridblock-columns\" title=\"Albstadt Marathon IV\" href=\"http:\/\/www.blog.joachim-buchholz.de\/?p=136\" ><span class=\"grid-icon-status\"><i class=\"feather-icon-paper fa-2x\"><\/i><\/span><div class=\"gridblock-blank-element\"><img decoding=\"async\" src=\"http:\/\/www.blog.joachim-buchholz.de\/wp-content\/themes\/kinetika\/images\/icons\/blank-grid.png\" alt=\"blank\" \/><\/div><\/a><div class=\"blog-grid-element-content\"><div class=\"work-details\"><h4><a href=\"http:\/\/www.blog.joachim-buchholz.de\/?p=136\" rel=\"bookmark\" title=\"Albstadt Marathon IV\">Albstadt Marathon IV<\/a><\/h4><div class=\"entry-content work-description\">&#8230;geschafft!<\/div><\/div><div class=\"summary-info\"><div class=\"summary-comment\"><a href=\"http:\/\/www.blog.joachim-buchholz.de\/?p=136#respond\">0 <i class=\"feather-icon-speech-bubble\"><\/i><\/a><\/div><div class=\"summary-date\"><i class=\"feather-icon-clock\"><\/i> 19. Dezember 2009<\/div><\/div><\/div><\/div><\/div><div class=\"blog-grid-element animation-standby animated fadeInUp blog-grid-element-left gridblock-element gridblock-col-1\"><div class=\"blog-grid-element-inner timeline-format-standard\"><a class=\"grid-blank-element  gridblock-image-link gridblock-columns\" title=\"Albstadt Marathon III\" href=\"http:\/\/www.blog.joachim-buchholz.de\/?p=133\" ><span class=\"grid-icon-status\"><i class=\"feather-icon-paper fa-2x\"><\/i><\/span><div class=\"gridblock-blank-element\"><img decoding=\"async\" src=\"http:\/\/www.blog.joachim-buchholz.de\/wp-content\/themes\/kinetika\/images\/icons\/blank-grid.png\" alt=\"blank\" \/><\/div><\/a><div class=\"blog-grid-element-content\"><div class=\"work-details\"><h4><a href=\"http:\/\/www.blog.joachim-buchholz.de\/?p=133\" rel=\"bookmark\" title=\"Albstadt Marathon III\">Albstadt Marathon III<\/a><\/h4><div class=\"entry-content work-description\">Albstadt Marathon<\/div><\/div><div class=\"summary-info\"><div class=\"summary-comment\"><a href=\"http:\/\/www.blog.joachim-buchholz.de\/?p=133#respond\">0 <i class=\"feather-icon-speech-bubble\"><\/i><\/a><\/div><div class=\"summary-date\"><i class=\"feather-icon-clock\"><\/i> 19. Dezember 2009<\/div><\/div><\/div><\/div><\/div><div class=\"blog-grid-element animation-standby animated fadeInUp blog-grid-element-right gridblock-element gridblock-col-2\"><div class=\"blog-grid-element-inner timeline-format-standard\"><a class=\"grid-blank-element  gridblock-image-link gridblock-columns\" title=\"Albstadt Marathon II\" href=\"http:\/\/www.blog.joachim-buchholz.de\/?p=130\" ><span class=\"grid-icon-status\"><i class=\"feather-icon-paper fa-2x\"><\/i><\/span><div class=\"gridblock-blank-element\"><img decoding=\"async\" src=\"http:\/\/www.blog.joachim-buchholz.de\/wp-content\/themes\/kinetika\/images\/icons\/blank-grid.png\" alt=\"blank\" \/><\/div><\/a><div class=\"blog-grid-element-content\"><div class=\"work-details\"><h4><a href=\"http:\/\/www.blog.joachim-buchholz.de\/?p=130\" rel=\"bookmark\" title=\"Albstadt Marathon II\">Albstadt Marathon II<\/a><\/h4><div class=\"entry-content work-description\">Albstadt Marathon<\/div><\/div><div class=\"summary-info\"><div class=\"summary-comment\"><a href=\"http:\/\/www.blog.joachim-buchholz.de\/?p=130#respond\">0 <i class=\"feather-icon-speech-bubble\"><\/i><\/a><\/div><div class=\"summary-date\"><i class=\"feather-icon-clock\"><\/i> 19. Dezember 2009<\/div><\/div><\/div><\/div><\/div><div class=\"blog-grid-element animation-standby animated fadeInUp blog-grid-element-left gridblock-element gridblock-col-1\"><div class=\"blog-grid-element-inner timeline-format-standard\"><a class=\"grid-blank-element  gridblock-image-link gridblock-columns\" title=\"Albstadt Marathon I\" href=\"http:\/\/www.blog.joachim-buchholz.de\/?p=127\" ><span class=\"grid-icon-status\"><i class=\"feather-icon-paper fa-2x\"><\/i><\/span><div class=\"gridblock-blank-element\"><img decoding=\"async\" src=\"http:\/\/www.blog.joachim-buchholz.de\/wp-content\/themes\/kinetika\/images\/icons\/blank-grid.png\" alt=\"blank\" \/><\/div><\/a><div class=\"blog-grid-element-content\"><div class=\"work-details\"><h4><a href=\"http:\/\/www.blog.joachim-buchholz.de\/?p=127\" rel=\"bookmark\" title=\"Albstadt Marathon I\">Albstadt Marathon I<\/a><\/h4><div class=\"entry-content work-description\">Elite<\/div><\/div><div class=\"summary-info\"><div class=\"summary-comment\"><a href=\"http:\/\/www.blog.joachim-buchholz.de\/?p=127#respond\">0 <i class=\"feather-icon-speech-bubble\"><\/i><\/a><\/div><div class=\"summary-date\"><i class=\"feather-icon-clock\"><\/i> 19. Dezember 2009<\/div><\/div><\/div><\/div><\/div><div class=\"blog-grid-element animation-standby animated fadeInUp blog-grid-element-right gridblock-element gridblock-col-2\"><div class=\"blog-grid-element-inner timeline-format-standard\"><a class=\"grid-blank-element  gridblock-image-link gridblock-columns\" title=\"Gonso Classic 2009 II\" href=\"http:\/\/www.blog.joachim-buchholz.de\/?p=119\" ><span class=\"grid-icon-status\"><i class=\"feather-icon-paper fa-2x\"><\/i><\/span><div class=\"gridblock-blank-element\"><img decoding=\"async\" src=\"http:\/\/www.blog.joachim-buchholz.de\/wp-content\/themes\/kinetika\/images\/icons\/blank-grid.png\" alt=\"blank\" \/><\/div><\/a><div class=\"blog-grid-element-content\"><div class=\"work-details\"><h4><a href=\"http:\/\/www.blog.joachim-buchholz.de\/?p=119\" rel=\"bookmark\" title=\"Gonso Classic 2009 II\">Gonso Classic 2009 II<\/a><\/h4><div class=\"entry-content work-description\">Gonso<\/div><\/div><div class=\"summary-info\"><div class=\"summary-comment\"><a href=\"http:\/\/www.blog.joachim-buchholz.de\/?p=119#respond\">0 <i class=\"feather-icon-speech-bubble\"><\/i><\/a><\/div><div class=\"summary-date\"><i class=\"feather-icon-clock\"><\/i> 19. Dezember 2009<\/div><\/div><\/div><\/div><\/div><div class=\"blog-grid-element animation-standby animated fadeInUp blog-grid-element-left gridblock-element gridblock-col-1\"><div class=\"blog-grid-element-inner timeline-format-standard\"><a class=\"grid-blank-element  gridblock-image-link gridblock-columns\" title=\"Gonso Classic 2009\" href=\"http:\/\/www.blog.joachim-buchholz.de\/?p=115\" ><span class=\"grid-icon-status\"><i class=\"feather-icon-paper fa-2x\"><\/i><\/span><div class=\"gridblock-blank-element\"><img decoding=\"async\" src=\"http:\/\/www.blog.joachim-buchholz.de\/wp-content\/themes\/kinetika\/images\/icons\/blank-grid.png\" alt=\"blank\" \/><\/div><\/a><div class=\"blog-grid-element-content\"><div class=\"work-details\"><h4><a href=\"http:\/\/www.blog.joachim-buchholz.de\/?p=115\" rel=\"bookmark\" title=\"Gonso Classic 2009\">Gonso Classic 2009<\/a><\/h4><div class=\"entry-content work-description\">Gonso<\/div><\/div><div class=\"summary-info\"><div class=\"summary-comment\"><a href=\"http:\/\/www.blog.joachim-buchholz.de\/?p=115#respond\">0 <i class=\"feather-icon-speech-bubble\"><\/i><\/a><\/div><div class=\"summary-date\"><i class=\"feather-icon-clock\"><\/i> 19. Dezember 2009<\/div><\/div><\/div><\/div><\/div><div class=\"blog-grid-element animation-standby animated fadeInUp blog-grid-element-right gridblock-element gridblock-col-2\"><div class=\"blog-grid-element-inner timeline-format-standard\"><a class=\"grid-blank-element  gridblock-image-link gridblock-columns\" title=\"Albgold II\" href=\"http:\/\/www.blog.joachim-buchholz.de\/?p=111\" ><span class=\"grid-icon-status\"><i class=\"feather-icon-paper fa-2x\"><\/i><\/span><div class=\"gridblock-blank-element\"><img decoding=\"async\" src=\"http:\/\/www.blog.joachim-buchholz.de\/wp-content\/themes\/kinetika\/images\/icons\/blank-grid.png\" alt=\"blank\" \/><\/div><\/a><div class=\"blog-grid-element-content\"><div class=\"work-details\"><h4><a href=\"http:\/\/www.blog.joachim-buchholz.de\/?p=111\" rel=\"bookmark\" title=\"Albgold II\">Albgold II<\/a><\/h4><div class=\"entry-content work-description\">Albgold<\/div><\/div><div class=\"summary-info\"><div class=\"summary-comment\"><a href=\"http:\/\/www.blog.joachim-buchholz.de\/?p=111#respond\">0 <i class=\"feather-icon-speech-bubble\"><\/i><\/a><\/div><div class=\"summary-date\"><i class=\"feather-icon-clock\"><\/i> 19. Dezember 2009<\/div><\/div><\/div><\/div><\/div><div class=\"blog-grid-element animation-standby animated fadeInUp blog-grid-element-left gridblock-element gridblock-col-1\"><div class=\"blog-grid-element-inner timeline-format-standard\"><a class=\"grid-blank-element  gridblock-image-link gridblock-columns\" title=\"Albgold Trophy 2009\" href=\"http:\/\/www.blog.joachim-buchholz.de\/?p=108\" ><span class=\"grid-icon-status\"><i class=\"feather-icon-paper fa-2x\"><\/i><\/span><div class=\"gridblock-blank-element\"><img decoding=\"async\" src=\"http:\/\/www.blog.joachim-buchholz.de\/wp-content\/themes\/kinetika\/images\/icons\/blank-grid.png\" alt=\"blank\" \/><\/div><\/a><div class=\"blog-grid-element-content\"><div class=\"work-details\"><h4><a href=\"http:\/\/www.blog.joachim-buchholz.de\/?p=108\" rel=\"bookmark\" title=\"Albgold Trophy 2009\">Albgold Trophy 2009<\/a><\/h4><div class=\"entry-content work-description\">Albgold...<\/div><\/div><div class=\"summary-info\"><div class=\"summary-comment\"><a href=\"http:\/\/www.blog.joachim-buchholz.de\/?p=108#respond\">0 <i class=\"feather-icon-speech-bubble\"><\/i><\/a><\/div><div class=\"summary-date\"><i class=\"feather-icon-clock\"><\/i> 19. Dezember 2009<\/div><\/div><\/div><\/div><\/div><div class=\"blog-grid-element animation-standby animated fadeInUp blog-grid-element-right gridblock-element gridblock-col-2\"><div class=\"blog-grid-element-inner timeline-format-standard\"><a class=\"grid-blank-element  gridblock-image-link gridblock-columns\" title=\"Mountain-Bike Blog&#8230;\" href=\"http:\/\/www.blog.joachim-buchholz.de\/?p=57\" ><span class=\"grid-icon-status\"><i class=\"feather-icon-paper fa-2x\"><\/i><\/span><div class=\"gridblock-blank-element\"><img decoding=\"async\" src=\"http:\/\/www.blog.joachim-buchholz.de\/wp-content\/themes\/kinetika\/images\/icons\/blank-grid.png\" alt=\"blank\" \/><\/div><\/a><div class=\"blog-grid-element-content\"><div class=\"work-details\"><h4><a href=\"http:\/\/www.blog.joachim-buchholz.de\/?p=57\" rel=\"bookmark\" title=\"Mountain-Bike Blog&#8230;\">Mountain-Bike Blog&#8230;<\/a><\/h4><div class=\"entry-content work-description\">AMS 125 - Jetzt mit 130 mm Federweg am Heck...\r\n\r\n...und bis zu 140 mm...<\/div><\/div><div class=\"summary-info\"><div class=\"summary-comment\"><a href=\"http:\/\/www.blog.joachim-buchholz.de\/?p=57#comments\">1 <i class=\"feather-icon-speech-bubble\"><\/i><\/a><\/div><div class=\"summary-date\"><i class=\"feather-icon-clock\"><\/i> 13. Dezember 2009<\/div><\/div><\/div><\/div><\/div><\/div><\/div>\n","protected":false},"excerpt":{"rendered":"","protected":false},"author":7,"featured_media":0,"parent":5929,"menu_order":0,"comment_status":"open","ping_status":"closed","template":"","meta":{"footnotes":""},"class_list":["post-6037","page","type-page","status-publish","hentry"],"_links":{"self":[{"href":"http:\/\/www.blog.joachim-buchholz.de\/index.php?rest_route=\/wp\/v2\/pages\/6037"}],"collection":[{"href":"http:\/\/www.blog.joachim-buchholz.de\/index.php?rest_route=\/wp\/v2\/pages"}],"about":[{"href":"http:\/\/www.blog.joachim-buchholz.de\/index.php?rest_route=\/wp\/v2\/types\/page"}],"author":[{"embeddable":true,"href":"http:\/\/www.blog.joachim-buchholz.de\/index.php?rest_route=\/wp\/v2\/users\/7"}],"replies":[{"embeddable":true,"href":"http:\/\/www.blog.joachim-buchholz.de\/index.php?rest_route=%2Fwp%2Fv2%2Fcomments&post=6037"}],"version-history":[{"count":1,"href":"http:\/\/www.blog.joachim-buchholz.de\/index.php?rest_route=\/wp\/v2\/pages\/6037\/revisions"}],"predecessor-version":[{"id":9558,"href":"http:\/\/www.blog.joachim-buchholz.de\/index.php?rest_route=\/wp\/v2\/pages\/6037\/revisions\/9558"}],"up":[{"embeddable":true,"href":"http:\/\/www.blog.joachim-buchholz.de\/index.php?rest_route=\/wp\/v2\/pages\/5929"}],"wp:attachment":[{"href":"http:\/\/www.blog.joachim-buchholz.de\/index.php?rest_route=%2Fwp%2Fv2%2Fmedia&parent=6037"}],"curies":[{"name":"wp","href":"https:\/\/api.w.org\/{rel}","templated":true}]}}